{"id":1003,"date":"2023-07-06T11:56:27","date_gmt":"2023-07-06T10:56:27","guid":{"rendered":"https:\/\/langile.eus\/nor-gara\/"},"modified":"2024-04-25T14:46:08","modified_gmt":"2024-04-25T13:46:08","slug":"nor-gara","status":"publish","type":"page","link":"https:\/\/langile.eus\/es\/nor-gara\/","title":{"rendered":"Qui\u00e9nes somos"},"content":{"rendered":"<section class=\"l-section wpb_row us_custom_6aef0763 height_auto\"><div class=\"l-section-h i-cf\"><div class=\"g-cols vc_row via_grid cols_1 laptops-cols_inherit tablets-cols_inherit mobiles-cols_1 valign_top type_default stacking_default\"><div class=\"wpb_column vc_column_container\"><div class=\"vc_column-inner\"><div class=\"wpb_text_column\"><div class=\"wpb_wrapper\"><h1>Qui\u00e9nes somos<\/h1>\n<\/div><\/div><div class=\"wpb_text_column\"><div class=\"wpb_wrapper\"><p>Las caracter\u00edsticas de nuestro modelo educativo:<\/p>\n<\/div><\/div><\/div><\/div><\/div><\/div><\/section><section class=\"l-section wpb_row height_auto\"><div class=\"l-section-h i-cf\"><div class=\"g-cols vc_row via_grid cols_3 laptops-cols_inherit tablets-cols_inherit mobiles-cols_1 valign_top type_default\"><div class=\"wpb_column vc_column_container us_custom_fce1ef44\"><div class=\"vc_column-inner\"><div class=\"wpb_text_column us_custom_a6ceb248\"><div class=\"wpb_wrapper\"><h1>1.<\/h1>\n<p>Basado en el respeto entre compae\u00f1os<\/p>\n<\/div><\/div><\/div><\/div><div class=\"wpb_column vc_column_container us_custom_fce1ef44\"><div class=\"vc_column-inner\"><div class=\"wpb_text_column us_custom_a6ceb248\"><div class=\"wpb_wrapper\"><h1>2.<\/h1>\n<p>Entendemos la educaci\u00f3n como un proceso integral.<\/p>\n<\/div><\/div><\/div><\/div><div class=\"wpb_column vc_column_container us_custom_4037efd7 hide_on_mobiles\"><div class=\"vc_column-inner\"><div class=\"w-image has_ratio align_none\"><div class=\"w-image-h\"><div style=\"padding-bottom:75%\"><\/div><img decoding=\"async\" width=\"397\" height=\"330\" src=\"https:\/\/langile.eus\/wp-content\/uploads\/2023\/07\/Grupo-188.jpg\" class=\"attachment-large size-large\" alt=\"\" loading=\"lazy\" \/><\/div><\/div><div class=\"w-image us_custom_545f4c0d align_none\"><div class=\"w-image-h\"><img decoding=\"async\" width=\"100\" height=\"91\" src=\"https:\/\/langile.eus\/wp-content\/uploads\/2023\/07\/Grupo-174.png\" class=\"attachment-large size-large\" alt=\"\" loading=\"lazy\" \/><\/div><\/div><\/div><\/div><\/div><\/div><\/section><section class=\"l-section wpb_row us_custom_703b2333 height_auto\"><div class=\"l-section-h i-cf\"><div class=\"g-cols vc_row via_grid cols_3 laptops-cols_inherit tablets-cols_inherit mobiles-cols_1 valign_top type_default\"><div class=\"wpb_column vc_column_container us_custom_fce1ef44\"><div class=\"vc_column-inner\"><div class=\"wpb_text_column us_custom_a6ceb248\"><div class=\"wpb_wrapper\"><h1>3.<\/h1>\n<p>Basado en la coeducaci\u00f3n<\/p>\n<\/div><\/div><\/div><\/div><div class=\"wpb_column vc_column_container us_custom_fce1ef44\"><div class=\"vc_column-inner\"><div class=\"wpb_text_column us_custom_a6ceb248\"><div class=\"wpb_wrapper\"><h1>4.<\/h1>\n<p>Se inculca el respeto por el medio ambiente<\/p>\n<\/div><\/div><\/div><\/div><div class=\"wpb_column vc_column_container us_custom_ab0054d4 hide_on_mobiles\"><div class=\"vc_column-inner\"><div class=\"w-image has_ratio align_none\"><div class=\"w-image-h\"><div style=\"padding-bottom:75%\"><\/div><img decoding=\"async\" width=\"394\" height=\"330\" src=\"https:\/\/langile.eus\/wp-content\/uploads\/2023\/07\/ben-wicks-iDCtsz-INHI-unsplash.jpg\" class=\"attachment-large size-large\" alt=\"\" loading=\"lazy\" \/><\/div><\/div><div class=\"w-image us_custom_545f4c0d align_none\"><div class=\"w-image-h\"><img decoding=\"async\" width=\"117\" height=\"155\" src=\"https:\/\/langile.eus\/wp-content\/uploads\/2023\/07\/Grupo-64.png\" class=\"attachment-large size-large\" alt=\"\" loading=\"lazy\" \/><\/div><\/div><\/div><\/div><\/div><\/div><\/section><section class=\"l-section wpb_row us_custom_703b2333 height_auto\"><div class=\"l-section-h i-cf\"><div class=\"g-cols vc_row via_grid cols_3 laptops-cols_inherit tablets-cols_inherit mobiles-cols_1 valign_top type_default\"><div class=\"wpb_column vc_column_container us_custom_fce1ef44\"><div class=\"vc_column-inner\"><div class=\"wpb_text_column us_custom_a6ceb248\"><div class=\"wpb_wrapper\"><h1>5.<\/h1>\n<p>Se impulsa un aprendizaje significativo y funcional.<\/p>\n<\/div><\/div><\/div><\/div><div class=\"wpb_column vc_column_container us_custom_fce1ef44\"><div class=\"vc_column-inner\"><div class=\"wpb_text_column us_custom_a6ceb248\"><div class=\"wpb_wrapper\"><h1>6.<\/h1>\n<p>Es inclusivo: abierto a todas las personas.<\/p>\n<\/div><\/div><\/div><\/div><div class=\"wpb_column vc_column_container us_custom_44c23fea hide_on_mobiles\"><div class=\"vc_column-inner\"><div class=\"w-image has_ratio align_none\"><div class=\"w-image-h\"><div style=\"padding-bottom:75%\"><\/div><img decoding=\"async\" width=\"396\" height=\"330\" src=\"https:\/\/langile.eus\/wp-content\/uploads\/2023\/07\/estudiantes-aprendiendo-escuela-su-salon-clases.jpg\" class=\"attachment-large size-large\" alt=\"\" loading=\"lazy\" \/><\/div><\/div><div class=\"w-image us_custom_545f4c0d align_none\"><div class=\"w-image-h\"><img decoding=\"async\" width=\"79\" height=\"142\" src=\"https:\/\/langile.eus\/wp-content\/uploads\/2023\/07\/Grupo-59.png\" class=\"attachment-large size-large\" alt=\"\" loading=\"lazy\" \/><\/div><\/div><\/div><\/div><\/div><\/div><\/section><section class=\"l-section wpb_row us_custom_703b2333 height_auto\"><div class=\"l-section-h i-cf\"><div class=\"g-cols vc_row via_grid cols_3 laptops-cols_inherit tablets-cols_inherit mobiles-cols_1 valign_top type_default\"><div class=\"wpb_column vc_column_container us_custom_fce1ef44\"><div class=\"vc_column-inner\"><div class=\"wpb_text_column us_custom_a6ceb248\"><div class=\"wpb_wrapper\"><h1>\u00a07.<\/h1>\n<p>Integrado en el pueblo, persigue el objetivo de educar personas libres<\/p>\n<\/div><\/div><\/div><\/div><div class=\"wpb_column vc_column_container us_custom_fce1ef44\"><div class=\"vc_column-inner\"><div class=\"wpb_text_column us_custom_a6ceb248\"><div class=\"wpb_wrapper\"><h1>8.<\/h1>\n<p>Es euskaldun<\/p>\n<\/div><\/div><\/div><\/div><div class=\"wpb_column vc_column_container us_custom_49dc4fad hide_on_mobiles\"><div class=\"vc_column-inner\"><div class=\"w-image has_ratio align_none\"><div class=\"w-image-h\"><div style=\"padding-bottom:75%\"><\/div><img decoding=\"async\" width=\"397\" height=\"330\" src=\"https:\/\/langile.eus\/wp-content\/uploads\/2023\/07\/linda-nina-africana-campo-puesta-sol-jugando-cometa.jpg\" class=\"attachment-large size-large\" alt=\"\" loading=\"lazy\" \/><\/div><\/div><div class=\"w-image us_custom_545f4c0d align_none\"><div class=\"w-image-h\"><img decoding=\"async\" width=\"105\" height=\"137\" src=\"https:\/\/langile.eus\/wp-content\/uploads\/2023\/07\/Grupo-46.png\" class=\"attachment-large size-large\" alt=\"\" loading=\"lazy\" \/><\/div><\/div><\/div><\/div><\/div><\/div><\/section><section class=\"l-section wpb_row us_custom_703b2333 height_auto\"><div class=\"l-section-h i-cf\"><div class=\"g-cols vc_row via_grid cols_3 laptops-cols_inherit tablets-cols_inherit mobiles-cols_1 valign_top type_default\"><div class=\"wpb_column vc_column_container us_custom_a71b51e1\"><div class=\"vc_column-inner\"><div class=\"wpb_text_column\"><div class=\"wpb_wrapper\"><h1>\u00a09.<\/h1>\n<p>Promueve la formaci\u00f3n permanente de la comunidad.<\/p>\n<\/div><\/div><\/div><\/div><div class=\"wpb_column vc_column_container\"><div class=\"vc_column-inner\"><div class=\"wpb_text_column us_custom_a6ceb248\"><div class=\"wpb_wrapper\"><h1>10.<\/h1>\n<p>Promueve un modelo participativo.<\/p>\n<\/div><\/div><\/div><\/div><div class=\"wpb_column vc_column_container us_custom_a2ebf4ae\"><div class=\"vc_column-inner\"><div class=\"w-image us_custom_f12c6d05 has_ratio align_none\"><div class=\"w-image-h\"><div style=\"padding-bottom:75%\"><\/div><img decoding=\"async\" width=\"397\" height=\"330\" src=\"https:\/\/langile.eus\/wp-content\/uploads\/2023\/07\/grupo-ninos-corriendo-juntos-sobre-hierba-carrera-parque-vista-posterior-cuerpo-entero-concepto-actividad-al-aire-libre-ninos.png\" class=\"attachment-large size-large\" alt=\"\" loading=\"lazy\" \/><\/div><\/div><div class=\"w-image us_custom_545f4c0d align_none\"><div class=\"w-image-h\"><img decoding=\"async\" width=\"100\" height=\"91\" src=\"https:\/\/langile.eus\/wp-content\/uploads\/2023\/07\/Grupo-174.png\" class=\"attachment-large size-large\" alt=\"\" loading=\"lazy\" \/><\/div><\/div><\/div><\/div><\/div><\/div><\/section><section class=\"l-section wpb_row us_custom_e6d0f46c height_medium\"><div class=\"l-section-h i-cf\"><div class=\"g-cols vc_row via_grid cols_1 laptops-cols_inherit tablets-cols_inherit mobiles-cols_1 valign_top type_default stacking_default\"><div class=\"wpb_column vc_column_container\"><div class=\"vc_column-inner\"><div class=\"w-btn-wrapper align_none\"><a class=\"w-btn us-btn-style_1 us_custom_492179a4 icon_atleft\" href=\"\/es\/\"><i class=\"fas fa-angle-left\"><\/i><span class=\"w-btn-label\">volver<\/span><\/a><\/div><\/div><\/div><\/div><\/div><\/section><section class=\"l-section wpb_row us_custom_6cace63c height_auto\"><div class=\"l-section-h i-cf\"><div class=\"g-cols vc_row via_grid cols_1 laptops-cols_inherit tablets-cols_inherit mobiles-cols_1 valign_top type_default stacking_default\"><div class=\"wpb_column vc_column_container\"><div class=\"vc_column-inner\"><div class=\"wpb_text_column\"><div class=\"wpb_wrapper\"><h1>Profesorado<\/h1>\n<\/div><\/div><div class=\"w-separator size_medium\"><\/div><\/div><\/div><\/div><\/div><\/section><section class=\"l-section wpb_row us_custom_b88d1d57 height_small\"><div class=\"l-section-h i-cf\"><div class=\"g-cols vc_row via_grid cols_1 laptops-cols_inherit tablets-cols_inherit mobiles-cols_1 valign_top type_default stacking_default\"><div class=\"wpb_column vc_column_container us_custom_edb423b1\"><div class=\"vc_column-inner\"><div class=\"wpb_text_column\"><div class=\"wpb_wrapper\"><h2>Tutores<\/h2>\n<\/div><\/div><div class=\"w-tabs us_custom_39f98ada has_text_color style_default switch_click accordion has_scrolling\" style=\"--sections-title-size:inherit\"><div class=\"w-tabs-sections titles-align_none icon_chevron cpos_right\"><div class=\"w-tabs-section\" id=\"oe05\"><button class=\"w-tabs-section-header\" aria-controls=\"content-oe05\" aria-expanded=\"false\"><div class=\"w-tabs-section-title\">Preescolar 2 a\u00f1os<\/div><div class=\"w-tabs-section-control\"><\/div><\/button><div  class=\"w-tabs-section-content\" id=\"content-oe05\"><div class=\"w-tabs-section-content-h i-cf\"><div class=\"g-cols wpb_row us_custom_9d1e26d6 via_grid cols_3 laptops-cols_inherit tablets-cols_inherit mobiles-cols_1 valign_top type_default stacking_default\" style=\"--columns-gap:3rem;\"><div class=\"wpb_column vc_column_container\"><div class=\"vc_column-inner\"><div class=\"wpb_text_column\"><div class=\"wpb_wrapper\"><p><strong>Preescolar 2 a\u00f1os A<\/strong> &#8211; Laura Alvarez<br \/>\n<a href=\"mailto:lauraalvarez@langileikasle.eus\"><span style=\"font-weight: 400;\">lauraalvarez@langileikasle.eus<\/span><\/a><\/p>\n<p>Ilse Du\u00f1abeitia<br \/>\n<a href=\"mailto:ilsedunabeitia@langileikasle.eus\"><span style=\"font-weight: 400;\">ilsedunabeitia@langileikasle.eus<\/span><\/a><\/p>\n<\/div><\/div><\/div><\/div><div class=\"wpb_column vc_column_container\"><div class=\"vc_column-inner\"><div class=\"wpb_text_column\"><div class=\"wpb_wrapper\"><p><strong>Preescolar 2 a\u00f1os B<\/strong>&#8211; Nekane Elizalde<br \/>\n<a href=\"mailto:nekaneelizalde@langileikasle.eus\"><span style=\"font-weight: 400;\">nekaneelizalde@langileikasle.eus<\/span><\/a><\/p>\n<\/div><\/div><\/div><\/div><div class=\"wpb_column vc_column_container\"><div class=\"vc_column-inner\"><div class=\"wpb_text_column\"><div class=\"wpb_wrapper\"><p><strong>Preescolar 2 a\u00f1os C<\/strong>&#8211; Eneritz Atxukarro<br \/>\n<a href=\"mailto:eneritzatxukarro@langileikasle.eus\"><span style=\"font-weight: 400;\">eneritzatxukarro@langileikasle.eus<\/span><\/a><\/p>\n<\/div><\/div><\/div><\/div><\/div><\/div><\/div><\/div><div class=\"w-tabs-section\" id=\"a2a9\"><button class=\"w-tabs-section-header\" aria-controls=\"content-a2a9\" aria-expanded=\"false\"><div class=\"w-tabs-section-title\">Preescolar 3 a\u00f1os<\/div><div class=\"w-tabs-section-control\"><\/div><\/button><div  class=\"w-tabs-section-content\" id=\"content-a2a9\"><div class=\"w-tabs-section-content-h i-cf\"><div class=\"g-cols wpb_row us_custom_9d1e26d6 via_grid cols_3 laptops-cols_inherit tablets-cols_inherit mobiles-cols_1 valign_top type_default stacking_default\" style=\"--columns-gap:3rem;\"><div class=\"wpb_column vc_column_container\"><div class=\"vc_column-inner\"><div class=\"wpb_text_column\"><div class=\"wpb_wrapper\"><p><strong>Preescolar 3 a\u00f1os A<\/strong> &#8211; <span style=\"font-weight: 400;\">Aintzane Zufiria<\/span><br \/>\n<a href=\"mailto:ainatzezufiria@langileikasle.eus\"><span style=\"font-weight: 400;\">ainatzezufiria@langileikasle.eus<\/span><\/a><\/p>\n<p><span style=\"font-weight: 400;\">Sandra Camara<br \/>\n<\/span><a href=\"mailto:sandracamara@langileikasle.eus\"><span style=\"font-weight: 400;\">sandracamara@langileikasle.eus<\/span><\/a><\/p>\n<\/div><\/div><\/div><\/div><div class=\"wpb_column vc_column_container\"><div class=\"vc_column-inner\"><div class=\"wpb_text_column\"><div class=\"wpb_wrapper\"><p><strong>Preescolar 3 a\u00f1os B<\/strong>&#8211; Junkal Pellejero<br \/>\n<a href=\"mailto:junkalpellejero@langileikasle.eus\"><span style=\"font-weight: 400;\">junkalpellejero@langileikasle.eus<\/span><\/a><\/p>\n<\/div><\/div><\/div><\/div><div class=\"wpb_column vc_column_container\"><div class=\"vc_column-inner\"><div class=\"wpb_text_column\"><div class=\"wpb_wrapper\"><p><strong>Preescolar 3 a\u00f1os C<\/strong> &#8211; Aitziber Etxarri<br \/>\n<a href=\"mailto:aitziberetxarri@langileikasle.eus\"><span style=\"font-weight: 400;\">aitziberetxarri@langileikasle.eus<\/span><\/a><\/p>\n<\/div><\/div><\/div><\/div><\/div><\/div><\/div><\/div><div class=\"w-tabs-section\" id=\"s86b\"><button class=\"w-tabs-section-header\" aria-controls=\"content-s86b\" aria-expanded=\"false\"><div class=\"w-tabs-section-title\">Preescolar 4 a\u00f1os<\/div><div class=\"w-tabs-section-control\"><\/div><\/button><div  class=\"w-tabs-section-content\" id=\"content-s86b\"><div class=\"w-tabs-section-content-h i-cf\"><div class=\"g-cols wpb_row us_custom_9d1e26d6 via_grid cols_4 laptops-cols_inherit tablets-cols_inherit mobiles-cols_1 valign_top type_default stacking_default\" style=\"--columns-gap:3rem;\"><div class=\"wpb_column vc_column_container\"><div class=\"vc_column-inner\"><div class=\"wpb_text_column\"><div class=\"wpb_wrapper\"><p><strong>Preescolar 4 a\u00f1os A <\/strong>&#8211; Ana Quevedo<br \/>\n<a href=\"mailto:anaquevedo@langileikasle.eus\"><span style=\"font-weight: 400;\">anaquevedo@langileikasle.eus<\/span><\/a><\/p>\n<\/div><\/div><\/div><\/div><div class=\"wpb_column vc_column_container\"><div class=\"vc_column-inner\"><div class=\"wpb_text_column\"><div class=\"wpb_wrapper\"><p><strong>Preescolar 4 a\u00f1os B\u00a0<\/strong>&#8211; Garazi Fernandez<br \/>\n<a href=\"mailto:garazifernandez@langileikasle.eus\"><span style=\"font-weight: 400;\">garazifernandez@langileikasle.eus<\/span><\/a><\/p>\n<\/div><\/div><\/div><\/div><div class=\"wpb_column vc_column_container\"><div class=\"vc_column-inner\"><div class=\"wpb_text_column\"><div class=\"wpb_wrapper\"><p><strong>Preescolar 4 a\u00f1os \u00a0C<\/strong> &#8211; Irati Coloma<br \/>\n<a href=\"mailto:iraticoloma@langileikasle.eus\"><span style=\"font-weight: 400;\">iraticoloma@langileikasle.eus<\/span><\/a><\/p>\n<\/div><\/div><\/div><\/div><div class=\"wpb_column vc_column_container\"><div class=\"vc_column-inner\"><div class=\"wpb_text_column\"><div class=\"wpb_wrapper\"><p><strong>Preescolar 4 a\u00f1os D<\/strong> &#8211; Haize Saies Sistiaga<br \/>\n<a href=\"mailto:haizesaies@langileikasle.eus\">haizesaies@langileikasle.eus<\/a><\/p>\n<p>Mailaen Sesma<br \/>\n<a href=\"mailto:maialensesma@langileikasle.eus\"><span style=\"font-weight: 400;\">maialensesma@langileikasle.eus<\/span><\/a><\/p>\n<\/div><\/div><\/div><\/div><\/div><\/div><\/div><\/div><div class=\"w-tabs-section\" id=\"gcf5\"><button class=\"w-tabs-section-header\" aria-controls=\"content-gcf5\" aria-expanded=\"false\"><div class=\"w-tabs-section-title\">Preescolar 5 a\u00f1os<\/div><div class=\"w-tabs-section-control\"><\/div><\/button><div  class=\"w-tabs-section-content\" id=\"content-gcf5\"><div class=\"w-tabs-section-content-h i-cf\"><div class=\"g-cols wpb_row us_custom_9d1e26d6 via_grid cols_3 laptops-cols_inherit tablets-cols_inherit mobiles-cols_1 valign_top type_default stacking_default\" style=\"--columns-gap:3rem;\"><div class=\"wpb_column vc_column_container\"><div class=\"vc_column-inner\"><div class=\"wpb_text_column\"><div class=\"wpb_wrapper\"><p><strong>Preescolar 5a\u00f1os A<\/strong> &#8211; <span style=\"font-weight: 400;\">Ane Ollokiegi<\/span><br \/>\n<a href=\"mailto:aneollokiegi@langileikasle.eus\"><span style=\"font-weight: 400;\">aneollokiegi@langileikasle.eus<\/span><\/a><\/p>\n<\/div><\/div><\/div><\/div><div class=\"wpb_column vc_column_container\"><div class=\"vc_column-inner\"><div class=\"wpb_text_column\"><div class=\"wpb_wrapper\"><p><strong>Preescolar 5a\u00f1os B<\/strong> &#8211; Agurtza Apaolaza<br \/>\n<a href=\"mailto:agurtzaneapaolaza@langileikasle.eus\"><span style=\"font-weight: 400;\">agurtzaneapaolaza@langileikasle.eus<\/span><\/a><\/p>\n<p>Amaia Arratibel<br \/>\n<a href=\"mailto:amaiaarratibel@langileikasle.eus\"><span style=\"font-weight: 400;\">amaiaarratibel@langileikasle.eus<\/span><\/a><\/p>\n<\/div><\/div><\/div><\/div><div class=\"wpb_column vc_column_container\"><div class=\"vc_column-inner\"><div class=\"wpb_text_column\"><div class=\"wpb_wrapper\"><p><strong>Preescolar 5a\u00f1os C<\/strong> &#8211; Anuska Aranguren<br \/>\n<a href=\"mailto:anuskaaranguren@langileikasle.eus\"><span style=\"font-weight: 400;\">anuskaaranguren@langileikasle.eus<\/span><\/a><\/p>\n<\/div><\/div><\/div><\/div><\/div><\/div><\/div><\/div><div class=\"w-tabs-section\" id=\"b161\"><button class=\"w-tabs-section-header\" aria-controls=\"content-b161\" aria-expanded=\"false\"><div class=\"w-tabs-section-title\">1\u00ba Primaria<\/div><div class=\"w-tabs-section-control\"><\/div><\/button><div  class=\"w-tabs-section-content\" id=\"content-b161\"><div class=\"w-tabs-section-content-h i-cf\"><div class=\"g-cols wpb_row us_custom_9d1e26d6 via_grid cols_3 laptops-cols_inherit tablets-cols_inherit mobiles-cols_1 valign_top type_default stacking_default\" style=\"--columns-gap:3rem;\"><div class=\"wpb_column vc_column_container\"><div class=\"vc_column-inner\"><div class=\"wpb_text_column\"><div class=\"wpb_wrapper\"><p><b><strong>EP <\/strong>1A<\/b>-Nerea Egibar<br \/>\n<a href=\"mailto:nereaegibar@langileikasle.eus\">nereaegibar@langileikasle.eus<\/a><\/p>\n<\/div><\/div><\/div><\/div><div class=\"wpb_column vc_column_container\"><div class=\"vc_column-inner\"><div class=\"wpb_text_column\"><div class=\"wpb_wrapper\"><p><strong>EP 1B<\/strong> &#8211; Ainara Garin<br \/>\n<a href=\"mailto:ainaragarin@langileikasle.eus\">ainaragarin@langileikasle.eus<\/a><\/p>\n<\/div><\/div><\/div><\/div><div class=\"wpb_column vc_column_container\"><div class=\"vc_column-inner\"><div class=\"wpb_text_column\"><div class=\"wpb_wrapper\"><p><strong>EP 1C<\/strong> &#8211; Alaitz Ostolaza<br \/>\n<a href=\"mailto:alaitzostolaza@langileikasle.eus\">alaitzostolaza@langileikasle.eus<\/a><\/p>\n<p>Izaskun Lakadenda<br \/>\n<a href=\"mailto:izaskunlakadena@langileikasle.eus\">izaskunlakadena@langileikasle.eus<\/a><\/p>\n<\/div><\/div><\/div><\/div><\/div><\/div><\/div><\/div><div class=\"w-tabs-section\" id=\"t5b5\"><button class=\"w-tabs-section-header\" aria-controls=\"content-t5b5\" aria-expanded=\"false\"><div class=\"w-tabs-section-title\">2\u00ba Primaria<\/div><div class=\"w-tabs-section-control\"><\/div><\/button><div  class=\"w-tabs-section-content\" id=\"content-t5b5\"><div class=\"w-tabs-section-content-h i-cf\"><div class=\"g-cols wpb_row us_custom_9d1e26d6 via_grid cols_3 laptops-cols_inherit tablets-cols_inherit mobiles-cols_1 valign_top type_default stacking_default\" style=\"--columns-gap:3rem;\"><div class=\"wpb_column vc_column_container\"><div class=\"vc_column-inner\"><div class=\"wpb_text_column\"><div class=\"wpb_wrapper\"><p><strong>EP 2A<\/strong> &#8211; Uxue Urdangarin<br \/>\n<a href=\"mailto:uxueurdangarin@langileikasle.eus\">uxueurdangarin@langileikasle.eus<\/a><\/p>\n<\/div><\/div><\/div><\/div><div class=\"wpb_column vc_column_container\"><div class=\"vc_column-inner\"><div class=\"wpb_text_column\"><div class=\"wpb_wrapper\"><p><strong>EP 2B<\/strong> -Elixabete Ega\u00f1a<br \/>\n<a href=\"mailto:elixabeteegana@langileikasle.eus\">elixabeteegana@langileikasle.eus<\/a><\/p>\n<\/div><\/div><\/div><\/div><div class=\"wpb_column vc_column_container\"><div class=\"vc_column-inner\"><div class=\"wpb_text_column\"><div class=\"wpb_wrapper\"><p><strong>EP 2c<\/strong>&#8211; Oihana San Miguel<br \/>\n<a href=\"mailto:oihanasanmiguel@langileikasle.eus\">oihanasanmiguel@langileikasle.eus<\/a><\/p>\n<p>Ane Aierbe<br \/>\n<a href=\"mailto:aneaierbe@langileikasle.eus\">aneaierbe@langileikasle.eus<\/a><\/p>\n<\/div><\/div><\/div><\/div><\/div><\/div><\/div><\/div><div class=\"w-tabs-section\" id=\"ga14\"><button class=\"w-tabs-section-header\" aria-controls=\"content-ga14\" aria-expanded=\"false\"><div class=\"w-tabs-section-title\">3\u00ba Primaria<\/div><div class=\"w-tabs-section-control\"><\/div><\/button><div  class=\"w-tabs-section-content\" id=\"content-ga14\"><div class=\"w-tabs-section-content-h i-cf\"><div class=\"g-cols wpb_row us_custom_9d1e26d6 via_grid cols_3 laptops-cols_inherit tablets-cols_inherit mobiles-cols_1 valign_top type_default stacking_default\" style=\"--columns-gap:3rem;\"><div class=\"wpb_column vc_column_container\"><div class=\"vc_column-inner\"><div class=\"wpb_text_column\"><div class=\"wpb_wrapper\"><p><strong>EP 3A<\/strong> -Idoia Jimenez<br \/>\n<a href=\"mailto:idoiajimenez@langileikasle.eus\">idoiajimenez@langileikasle.eus<\/a><\/p>\n<\/div><\/div><\/div><\/div><div class=\"wpb_column vc_column_container\"><div class=\"vc_column-inner\"><div class=\"wpb_text_column\"><div class=\"wpb_wrapper\"><p><strong>EP 3B<\/strong> &#8211; Alex Sasiain<br \/>\n<a href=\"mailto:alexsasiain@langileikasle.eus\">alexsasiain@langileikasle.eus<\/a><\/p>\n<\/div><\/div><\/div><\/div><div class=\"wpb_column vc_column_container\"><div class=\"vc_column-inner\"><div class=\"wpb_text_column\"><div class=\"wpb_wrapper\"><p><strong>EP 3C<\/strong>&#8211; Itxaso Moreno<br \/>\n<a href=\"mailto:Itsasomoreno@langileikasle.eus\">Itsasomoreno@langileikasle.eus<\/a><\/p>\n<\/div><\/div><\/div><\/div><\/div><\/div><\/div><\/div><div class=\"w-tabs-section\" id=\"xe8a\"><button class=\"w-tabs-section-header\" aria-controls=\"content-xe8a\" aria-expanded=\"false\"><div class=\"w-tabs-section-title\">4\u00ba Primaria<\/div><div class=\"w-tabs-section-control\"><\/div><\/button><div  class=\"w-tabs-section-content\" id=\"content-xe8a\"><div class=\"w-tabs-section-content-h i-cf\"><div class=\"g-cols wpb_row us_custom_9d1e26d6 via_grid cols_3 laptops-cols_inherit tablets-cols_inherit mobiles-cols_1 valign_top type_default stacking_default\" style=\"--columns-gap:3rem;\"><div class=\"wpb_column vc_column_container\"><div class=\"vc_column-inner\"><div class=\"wpb_text_column\"><div class=\"wpb_wrapper\"><p><strong>EP 4A<\/strong> -Maddi Busto<br \/>\n<a href=\"mailto:maddibusto@langileikasle.eus\">maddibusto@langileikasle.eus<\/a><\/p>\n<\/div><\/div><\/div><\/div><div class=\"wpb_column vc_column_container\"><div class=\"vc_column-inner\"><div class=\"wpb_text_column\"><div class=\"wpb_wrapper\"><p><strong>EP 4B<\/strong> &#8211; Aizpea Zabala<br \/>\n<a href=\"mailto:aizpeazabala@langileikasle.eus\">aizpeazabala@langileikasle.eus<\/a><\/p>\n<p>Dorleta Azkoitia<br \/>\n<a href=\"mailto:dorletaazkoitia@langileikasle.eus\">dorletaazkoitia@langileikasle.eus<\/a><\/p>\n<\/div><\/div><\/div><\/div><div class=\"wpb_column vc_column_container\"><div class=\"vc_column-inner\"><div class=\"wpb_text_column\"><div class=\"wpb_wrapper\"><p><strong>EP 4C<\/strong>&#8211; Anartz Miner<br \/>\n<a href=\"mailto:anartzminer@langileikasle.eus\">anartzminer@langileikasle.eus<\/a><\/p>\n<\/div><\/div><\/div><\/div><\/div><\/div><\/div><\/div><div class=\"w-tabs-section\" id=\"f2da\"><button class=\"w-tabs-section-header\" aria-controls=\"content-f2da\" aria-expanded=\"false\"><div class=\"w-tabs-section-title\">5\u00ba Primaria<\/div><div class=\"w-tabs-section-control\"><\/div><\/button><div  class=\"w-tabs-section-content\" id=\"content-f2da\"><div class=\"w-tabs-section-content-h i-cf\"><div class=\"g-cols wpb_row us_custom_9d1e26d6 via_grid cols_3 laptops-cols_inherit tablets-cols_inherit mobiles-cols_1 valign_top type_default stacking_default\" style=\"--columns-gap:3rem;\"><div class=\"wpb_column vc_column_container\"><div class=\"vc_column-inner\"><div class=\"wpb_text_column\"><div class=\"wpb_wrapper\"><p><strong>EP 5A<\/strong> -Gabino Burgoa<br \/>\n<a href=\"mailto:burgoaburgoa@langileikasle.eus\">burgoaburgoa@langileikasle.eus<\/a><\/p>\n<\/div><\/div><\/div><\/div><div class=\"wpb_column vc_column_container\"><div class=\"vc_column-inner\"><div class=\"wpb_text_column\"><div class=\"wpb_wrapper\"><p><strong>EP 5B<\/strong> -Alba Gonzalez<br \/>\n<a href=\"mailto:albagonzalez@langileikasle.eus\">albagonzalez@langileikasle.eus<\/a><\/p>\n<p>Eider Diaz<br \/>\n<a href=\"mailto:eiderdiaz@langileikasle.eus\">eiderdiaz@langileikasle.eus<\/a><\/p>\n<\/div><\/div><\/div><\/div><div class=\"wpb_column vc_column_container\"><div class=\"vc_column-inner\"><div class=\"wpb_text_column\"><div class=\"wpb_wrapper\"><p><strong>LH 5C<\/strong>&#8211; Erika Jimenez<br \/>\n<a href=\"mailto:erikajimenez@langileikasle.eus\">erikajimenez@langileikasle.eus<\/a><\/p>\n<\/div><\/div><\/div><\/div><\/div><\/div><\/div><\/div><div class=\"w-tabs-section\" id=\"l72e\"><button class=\"w-tabs-section-header\" aria-controls=\"content-l72e\" aria-expanded=\"false\"><div class=\"w-tabs-section-title\">6\u00ba Primaria<\/div><div class=\"w-tabs-section-control\"><\/div><\/button><div  class=\"w-tabs-section-content\" id=\"content-l72e\"><div class=\"w-tabs-section-content-h i-cf\"><div class=\"g-cols wpb_row us_custom_9d1e26d6 via_grid cols_3 laptops-cols_inherit tablets-cols_inherit mobiles-cols_1 valign_top type_default stacking_default\" style=\"--columns-gap:3rem;\"><div class=\"wpb_column vc_column_container\"><div class=\"vc_column-inner\"><div class=\"wpb_text_column\"><div class=\"wpb_wrapper\"><p><strong>EP 6A<\/strong> -Lohitzune Iribar<br \/>\n<a href=\"mailto:lohitzuneiribar@langileikasle.eus\">lohitzuneiribar@langileikasle.eus<\/a><\/p>\n<p>Maitane Vecino<br \/>\n<a href=\"mailto:maitanevecino@langileikasle.eus\">maitanevecino@langileikasle.eus<\/a><\/p>\n<\/div><\/div><\/div><\/div><div class=\"wpb_column vc_column_container\"><div class=\"vc_column-inner\"><div class=\"wpb_text_column\"><div class=\"wpb_wrapper\"><p><strong>EP6B<\/strong> &#8211; Izaskun Leon<br \/>\n<a href=\"mailto:izaskunleon@langileikasle.eus\">izaskunleon@langileikasle.eus<\/a><\/p>\n<\/div><\/div><\/div><\/div><div class=\"wpb_column vc_column_container\"><div class=\"vc_column-inner\"><div class=\"wpb_text_column\"><div class=\"wpb_wrapper\"><p><strong>EP6C<\/strong>&#8211; Sergi Orro\u00f1o<br \/>\n<a href=\"mailto:sergiorrono@langileikasle.eus\">sergiorrono@langileikasle.eus<\/a><\/p>\n<\/div><\/div><\/div><\/div><\/div><\/div><\/div><\/div><\/div><\/div><div class=\"w-image us_custom_30ac3eb2 align_none\"><div class=\"w-image-h\"><img decoding=\"async\" width=\"79\" height=\"142\" src=\"https:\/\/langile.eus\/wp-content\/uploads\/2023\/07\/Grupo-59.png\" class=\"attachment-large size-large\" alt=\"\" loading=\"lazy\" \/><\/div><\/div><div class=\"w-image us_custom_30ac3eb2 align_none\"><div class=\"w-image-h\"><img decoding=\"async\" width=\"117\" height=\"155\" src=\"https:\/\/langile.eus\/wp-content\/uploads\/2023\/07\/Grupo-64.png\" class=\"attachment-large size-large\" alt=\"\" loading=\"lazy\" \/><\/div><\/div><\/div><\/div><\/div><\/div><\/section><section class=\"l-section wpb_row us_custom_b88d1d57 height_small\"><div class=\"l-section-h i-cf\"><div class=\"g-cols vc_row via_grid cols_1 laptops-cols_inherit tablets-cols_inherit mobiles-cols_1 valign_top type_default stacking_default\"><div class=\"wpb_column vc_column_container us_custom_edb423b1\"><div class=\"vc_column-inner\"><div class=\"w-image us_custom_3621b2e7 align_none\"><div class=\"w-image-h\"><img decoding=\"async\" width=\"100\" height=\"91\" src=\"https:\/\/langile.eus\/wp-content\/uploads\/2023\/07\/Grupo-174.png\" class=\"attachment-large size-large\" alt=\"\" loading=\"lazy\" \/><\/div><\/div><div class=\"w-image us_custom_30ac3eb2 align_none\"><div class=\"w-image-h\"><img decoding=\"async\" width=\"105\" height=\"137\" src=\"https:\/\/langile.eus\/wp-content\/uploads\/2023\/07\/Grupo-46.png\" class=\"attachment-large size-large\" alt=\"\" loading=\"lazy\" \/><\/div><\/div><div class=\"wpb_text_column\"><div class=\"wpb_wrapper\"><h2>No tutores<\/h2>\n<\/div><\/div><div class=\"w-tabs us_custom_39f98ada has_text_color style_default switch_click accordion has_scrolling\" style=\"--sections-title-size:inherit\"><div class=\"w-tabs-sections titles-align_none icon_chevron cpos_right\"><div class=\"w-tabs-section\" id=\"w08e\"><button class=\"w-tabs-section-header\" aria-controls=\"content-w08e\" aria-expanded=\"false\"><div class=\"w-tabs-section-title\">Ayudantes<\/div><div class=\"w-tabs-section-control\"><\/div><\/button><div  class=\"w-tabs-section-content\" id=\"content-w08e\"><div class=\"w-tabs-section-content-h i-cf\"><div class=\"g-cols wpb_row us_custom_9d1e26d6 via_grid cols_4 laptops-cols_inherit tablets-cols_inherit mobiles-cols_1 valign_top type_default stacking_default\" style=\"--columns-gap:3rem;\"><div class=\"wpb_column vc_column_container\"><div class=\"vc_column-inner\"><div class=\"wpb_text_column\"><div class=\"wpb_wrapper\"><p><b>Ayudante preescolar-<\/b>Kuluxka Olaizola<br \/>\n<a href=\"mailto:lauraalvarez@langileikasle.eus\"><span style=\"font-weight: 400;\">kuluxkaolaizola@langileikasle.eus<\/span><\/a><\/p>\n<\/div><\/div><\/div><\/div><div class=\"wpb_column vc_column_container\"><div class=\"vc_column-inner\"><div class=\"wpb_text_column\"><div class=\"wpb_wrapper\"><p><strong><b>Ayudante preescolar-<\/b> <\/strong>Itsaso Garcia<br \/>\n<a href=\"mailto:itsasogarcia@langileikasle.eus\">itsasogarcia@langileikasle.eus<\/a><\/p>\n<\/div><\/div><\/div><\/div><div class=\"wpb_column vc_column_container\"><div class=\"vc_column-inner\"><div class=\"wpb_text_column\"><div class=\"wpb_wrapper\"><p><b>Ayudante preescolar-<\/b>-Mirari Mitxelena<br \/>\n<a href=\"mailto:lauraalvarez@langileikasle.eus\"><span style=\"font-weight: 400;\">mirarimitxelena@langileikasle.eus<br \/>\n<\/span><\/a><\/p>\n<p>Maddi Elortza<br \/>\n<a href=\"mailto:maddielotza@langileiaksle.eus\"><span style=\"font-weight: 400;\">maddielotza@langileikasle.eus<\/span><\/a><\/p>\n<\/div><\/div><\/div><\/div><div class=\"wpb_column vc_column_container\"><div class=\"vc_column-inner\"><div class=\"wpb_text_column\"><div class=\"wpb_wrapper\"><p><b>Ayudante preescolar-<\/b>-Xerapi Aldabe<br \/>\n<a href=\"mailto:xerapialdabe@langileikasle.eus\">xerapialdabe@langileikasle.eus<\/a><\/p>\n<p>Eskarne Agirre<br \/>\n<a href=\"mailto:eskarneagirre@langileikasle.eus\">eskarneagirre@langileikasle.eus<\/a><\/p>\n<\/div><\/div><\/div><\/div><\/div><div class=\"g-cols wpb_row us_custom_9d1e26d6 via_grid cols_4 laptops-cols_inherit tablets-cols_inherit mobiles-cols_1 valign_top type_default stacking_default\" style=\"--columns-gap:3rem;\"><div class=\"wpb_column vc_column_container\"><div class=\"vc_column-inner\"><div class=\"wpb_text_column\"><div class=\"wpb_wrapper\"><p><b>Ayudante primaria-<\/b>-Arantxa Fuertes<br \/>\n<a href=\"mailto:lauraalvarez@langileikasle.eus\"><span style=\"font-weight: 400;\">arantxafuertes@langileikasle.eus<\/span><\/a><\/p>\n<p>Maitane Pintado<br \/>\n<a href=\"mailto:lauraalvarez@langileikasle.eus\"><span style=\"font-weight: 400;\">maitanepintado@langileikasle.eus<\/span><\/a><\/p>\n<\/div><\/div><\/div><\/div><div class=\"wpb_column vc_column_container\"><div class=\"vc_column-inner\"><\/div><\/div><div class=\"wpb_column vc_column_container\"><div class=\"vc_column-inner\"><\/div><\/div><div class=\"wpb_column vc_column_container\"><div class=\"vc_column-inner\"><\/div><\/div><\/div><\/div><\/div><\/div><div class=\"w-tabs-section\" id=\"a625\"><button class=\"w-tabs-section-header\" aria-controls=\"content-a625\" aria-expanded=\"false\"><div class=\"w-tabs-section-title\">Profesorado de ingl\u00e9s<\/div><div class=\"w-tabs-section-control\"><\/div><\/button><div  class=\"w-tabs-section-content\" id=\"content-a625\"><div class=\"w-tabs-section-content-h i-cf\"><div class=\"g-cols wpb_row us_custom_9d1e26d6 via_grid cols_4 laptops-cols_inherit tablets-cols_inherit mobiles-cols_1 valign_top type_default stacking_default\" style=\"--columns-gap:3rem;\"><div class=\"wpb_column vc_column_container\"><div class=\"vc_column-inner\"><div class=\"wpb_text_column\"><div class=\"wpb_wrapper\"><p><strong>Ingelesa &#8211; <\/strong>Unai Vega<br \/>\n<a href=\"mailto:unaivega@langileikasle.eus\">unaivega@langileikasle.eus<\/a><\/p>\n<\/div><\/div><\/div><\/div><div class=\"wpb_column vc_column_container\"><div class=\"vc_column-inner\"><div class=\"wpb_text_column\"><div class=\"wpb_wrapper\"><p><strong>Ingl\u00e9s<\/strong>&#8211;Estitxu Goia<br \/>\n<a href=\"mailto:eztitxugoia@langileikasle.eus\">eztitxugoia@langileikasle.eus<\/a><\/p>\n<p>Naiara Odriozola<br \/>\n<a href=\"mailto:naiaraodriozola@langileikasle.eus\"><span style=\"font-weight: 400;\">naiaraodriozola@langileikasle.eus<\/span><\/a><\/p>\n<\/div><\/div><\/div><\/div><div class=\"wpb_column vc_column_container\"><div class=\"vc_column-inner\"><div class=\"wpb_text_column\"><div class=\"wpb_wrapper\"><p><strong>Ingl\u00e9s<\/strong>&#8211;Maider Armendariz<br \/>\n<a href=\"mailto:maiderarmendariz@langileikasle.eus\">maiderarmendariz@langileikasle.eus<\/a><\/p>\n<\/div><\/div><\/div><\/div><div class=\"wpb_column vc_column_container\"><div class=\"vc_column-inner\"><div class=\"wpb_text_column\"><div class=\"wpb_wrapper\"><p><strong>Ingl\u00e9s<\/strong>-Jon Izagirre<br \/>\n<a href=\"mailto:jonizagirre@langileikasle.eus\">jonizagirre@langileikasle.eus<\/a><\/p>\n<\/div><\/div><\/div><\/div><\/div><\/div><\/div><\/div><div class=\"w-tabs-section\" id=\"ba74\"><button class=\"w-tabs-section-header\" aria-controls=\"content-ba74\" aria-expanded=\"false\"><div class=\"w-tabs-section-title\">Educaci\u00f3n f\u00edsica<\/div><div class=\"w-tabs-section-control\"><\/div><\/button><div  class=\"w-tabs-section-content\" id=\"content-ba74\"><div class=\"w-tabs-section-content-h i-cf\"><div class=\"g-cols wpb_row us_custom_9d1e26d6 via_grid cols_4 laptops-cols_inherit tablets-cols_inherit mobiles-cols_1 valign_top type_default stacking_default\" style=\"--columns-gap:3rem;\"><div class=\"wpb_column vc_column_container\"><div class=\"vc_column-inner\"><div class=\"wpb_text_column\"><div class=\"wpb_wrapper\"><p><strong>Educaci\u00f3n f\u00edsica &#8211; <\/strong>Maite Zumeta<br \/>\n<a href=\"mailto:maitezumeta@langileikasle.eus\">maitezumeta@langileikasle.eus<\/a><\/p>\n<\/div><\/div><\/div><\/div><div class=\"wpb_column vc_column_container\"><div class=\"vc_column-inner\"><div class=\"wpb_text_column\"><div class=\"wpb_wrapper\"><p><strong>Educaci\u00f3n f\u00edsica\u00a0 &#8211; <\/strong>Ainhoa Andres<br \/>\n<a href=\"mailto:ainhoaandres@langileikasle.eus\">ainhoaandres@langileikasle.eus<\/a><\/p>\n<\/div><\/div><\/div><\/div><div class=\"wpb_column vc_column_container\"><div class=\"vc_column-inner\"><\/div><\/div><div class=\"wpb_column vc_column_container\"><div class=\"vc_column-inner\"><\/div><\/div><\/div><\/div><\/div><\/div><div class=\"w-tabs-section\" id=\"jdf9\"><button class=\"w-tabs-section-header\" aria-controls=\"content-jdf9\" aria-expanded=\"false\"><div class=\"w-tabs-section-title\">M\u00fasica<\/div><div class=\"w-tabs-section-control\"><\/div><\/button><div  class=\"w-tabs-section-content\" id=\"content-jdf9\"><div class=\"w-tabs-section-content-h i-cf\"><div class=\"g-cols wpb_row us_custom_9d1e26d6 via_grid cols_4 laptops-cols_inherit tablets-cols_inherit mobiles-cols_1 valign_top type_default stacking_default\" style=\"--columns-gap:3rem;\"><div class=\"wpb_column vc_column_container\"><div class=\"vc_column-inner\"><div class=\"wpb_text_column\"><div class=\"wpb_wrapper\"><p><strong>M\u00fasica &#8211;<\/strong> Ainara Garcia<br \/>\n<a href=\"mailto:ainaragartzia@langileikasle.eus\">ainaragartzia@langileikasle.eus<\/a><\/p>\n<\/div><\/div><\/div><\/div><div class=\"wpb_column vc_column_container\"><div class=\"vc_column-inner\"><\/div><\/div><div class=\"wpb_column vc_column_container\"><div class=\"vc_column-inner\"><\/div><\/div><div class=\"wpb_column vc_column_container\"><div class=\"vc_column-inner\"><\/div><\/div><\/div><\/div><\/div><\/div><div class=\"w-tabs-section\" id=\"q22f\"><button class=\"w-tabs-section-header\" aria-controls=\"content-q22f\" aria-expanded=\"false\"><div class=\"w-tabs-section-title\">Asesor<\/div><div class=\"w-tabs-section-control\"><\/div><\/button><div  class=\"w-tabs-section-content\" id=\"content-q22f\"><div class=\"w-tabs-section-content-h i-cf\"><div class=\"g-cols wpb_row us_custom_9d1e26d6 via_grid cols_4 laptops-cols_inherit tablets-cols_inherit mobiles-cols_1 valign_top type_default stacking_default\" style=\"--columns-gap:3rem;\"><div class=\"wpb_column vc_column_container\"><div class=\"vc_column-inner\"><div class=\"wpb_text_column\"><div class=\"wpb_wrapper\"><p><strong>Asesor &#8211;<\/strong> Julen Begiristain<br \/>\n<a href=\"mailto:aholkularia@langile.eus\">aholkularia@langile.eus<\/a><\/p>\n<\/div><\/div><\/div><\/div><div class=\"wpb_column vc_column_container\"><div class=\"vc_column-inner\"><div class=\"wpb_text_column\"><div class=\"wpb_wrapper\"><p><strong>Asesor preescolar-<\/strong> Munia Larburu<br \/>\n<a href=\"mailto:aholkulariahh@langile.eus\">aholkulariahh@langile.eus<\/a><\/p>\n<\/div><\/div><\/div><\/div><div class=\"wpb_column vc_column_container\"><div class=\"vc_column-inner\"><\/div><\/div><div class=\"wpb_column vc_column_container\"><div class=\"vc_column-inner\"><\/div><\/div><\/div><\/div><\/div><\/div><div class=\"w-tabs-section\" id=\"u709\"><button class=\"w-tabs-section-header\" aria-controls=\"content-u709\" aria-expanded=\"false\"><div class=\"w-tabs-section-title\">PT<\/div><div class=\"w-tabs-section-control\"><\/div><\/button><div  class=\"w-tabs-section-content\" id=\"content-u709\"><div class=\"w-tabs-section-content-h i-cf\"><div class=\"g-cols wpb_row us_custom_9d1e26d6 via_grid cols_4 laptops-cols_inherit tablets-cols_inherit mobiles-cols_1 valign_top type_default stacking_default\" style=\"--columns-gap:3rem;\"><div class=\"wpb_column vc_column_container\"><div class=\"vc_column-inner\"><div class=\"wpb_text_column\"><div class=\"wpb_wrapper\"><p><strong>PT &#8211;<\/strong> Ixabel Arin<br \/>\n<a href=\"mailto:ixabelarin@langileikasle.eus\">ixabelarin@langileikasle.eus<\/a><\/p>\n<\/div><\/div><\/div><\/div><div class=\"wpb_column vc_column_container\"><div class=\"vc_column-inner\"><div class=\"wpb_text_column\"><div class=\"wpb_wrapper\"><p><strong>PT &#8211;<\/strong> Ainhoa Iruretagoiena<br \/>\n<a href=\"mailto:ainhoairuretagoiena@langileikasle.eus\">ainhoairuretagoiena@langileikasle.eus<\/a><\/p>\n<\/div><\/div><\/div><\/div><div class=\"wpb_column vc_column_container\"><div class=\"vc_column-inner\"><div class=\"wpb_text_column\"><div class=\"wpb_wrapper\"><p><strong>PT &#8211;<\/strong> Amaia Larra\u00f1aga<br \/>\n<a href=\"mailto:amaialarra\u00f1aga@langileikasle.eus\">amaialarra\u00f1aga@langileikasle.eus<\/a><\/p>\n<\/div><\/div><\/div><\/div><div class=\"wpb_column vc_column_container\"><div class=\"vc_column-inner\"><\/div><\/div><\/div><\/div><\/div><\/div><div class=\"w-tabs-section\" id=\"cc61\"><button class=\"w-tabs-section-header\" aria-controls=\"content-cc61\" aria-expanded=\"false\"><div class=\"w-tabs-section-title\">HLE<\/div><div class=\"w-tabs-section-control\"><\/div><\/button><div  class=\"w-tabs-section-content\" id=\"content-cc61\"><div class=\"w-tabs-section-content-h i-cf\"><div class=\"g-cols wpb_row us_custom_9d1e26d6 via_grid cols_4 laptops-cols_inherit tablets-cols_inherit mobiles-cols_1 valign_top type_default stacking_default\" style=\"--columns-gap:3rem;\"><div class=\"wpb_column vc_column_container\"><div class=\"vc_column-inner\"><div class=\"wpb_text_column\"><div class=\"wpb_wrapper\"><p><strong><b>HLE-<\/b>&#8211;<\/strong> Lourdes Estibaliz<br \/>\n<a href=\"mailto:lurdesestibariz@langileikasle.eus\">lurdesestibariz@langileikasle.eus<\/a><\/p>\n<p>Amaia Usandizaga<br \/>\n<a href=\"mailto:amaiausandizaga@langileikasle.eus\">amaiausandizaga@langileikasle.eus<\/a><\/p>\n<\/div><\/div><\/div><\/div><div class=\"wpb_column vc_column_container\"><div class=\"vc_column-inner\"><div class=\"wpb_text_column\"><div class=\"wpb_wrapper\"><p><strong><b>HLE<\/b>&#8211;<\/strong> Gurutze Aiartza<br \/>\n<a href=\"mailto:gurutzayartza@gmail.com\">gurutzayartza@gmail.com<\/a><\/p>\n<\/div><\/div><\/div><\/div><div class=\"wpb_column vc_column_container\"><div class=\"vc_column-inner\"><div class=\"wpb_text_column\"><div class=\"wpb_wrapper\"><p><strong><b>HLE<\/b>&#8211;<\/strong> Erika Gallardo<br \/>\n<a href=\"mailto:erikagallardo@langileikasle.eus\">erikagallardo@langileikasle.eus<\/a><\/p>\n<\/div><\/div><\/div><\/div><div class=\"wpb_column vc_column_container\"><div class=\"vc_column-inner\"><\/div><\/div><\/div><\/div><\/div><\/div><div class=\"w-tabs-section\" id=\"u09e\"><button class=\"w-tabs-section-header\" aria-controls=\"content-u09e\" aria-expanded=\"false\"><div class=\"w-tabs-section-title\">HIPI<\/div><div class=\"w-tabs-section-control\"><\/div><\/button><div  class=\"w-tabs-section-content\" id=\"content-u09e\"><div class=\"w-tabs-section-content-h i-cf\"><div class=\"g-cols wpb_row us_custom_9d1e26d6 via_grid cols_4 laptops-cols_inherit tablets-cols_inherit mobiles-cols_1 valign_top type_default stacking_default\" style=\"--columns-gap:3rem;\"><div class=\"wpb_column vc_column_container\"><div class=\"vc_column-inner\"><div class=\"wpb_text_column\"><div class=\"wpb_wrapper\"><p><strong>HIPI &#8211;<\/strong> Loinaz Lekuona<br \/>\n<a href=\"mailto:loinazlekuona@langileikasle.eus\">loinazlekuona@langileikasle.eus<\/a><\/p>\n<\/div><\/div><\/div><\/div><div class=\"wpb_column vc_column_container\"><div class=\"vc_column-inner\"><div class=\"wpb_text_column\"><div class=\"wpb_wrapper\"><p><strong>Musika &#8211;<\/strong> Ane Adaleta<br \/>\n<a href=\"anedaleta@langileikasle.eus\">anedaleta@langileikasle.eus<\/a><\/p>\n<\/div><\/div><\/div><\/div><div class=\"wpb_column vc_column_container\"><div class=\"vc_column-inner\"><\/div><\/div><div class=\"wpb_column vc_column_container\"><div class=\"vc_column-inner\"><\/div><\/div><\/div><\/div><\/div><\/div><div class=\"w-tabs-section\" id=\"r4cb\"><button class=\"w-tabs-section-header\" aria-controls=\"content-r4cb\" aria-expanded=\"false\"><div class=\"w-tabs-section-title\">Direcci\u00f3n<\/div><div class=\"w-tabs-section-control\"><\/div><\/button><div  class=\"w-tabs-section-content\" id=\"content-r4cb\"><div class=\"w-tabs-section-content-h i-cf\"><div class=\"g-cols wpb_row us_custom_9d1e26d6 via_grid cols_4 laptops-cols_inherit tablets-cols_inherit mobiles-cols_1 valign_top type_default stacking_default\" style=\"--columns-gap:3rem;\"><div class=\"wpb_column vc_column_container\"><div class=\"vc_column-inner\"><div class=\"wpb_text_column\"><div class=\"wpb_wrapper\"><p><strong>Director &#8211;<\/strong> Jone Murugarren<br \/>\n<a href=\"mailto:zuzendaritza@langile.eus\">zuzendaritza@langile.eus<\/a><\/p>\n<\/div><\/div><\/div><\/div><div class=\"wpb_column vc_column_container\"><div class=\"vc_column-inner\"><div class=\"wpb_text_column\"><div class=\"wpb_wrapper\"><p><strong>Jefe de estudios &#8211;<\/strong> Agurtzane Rama<br \/>\n<a href=\"mailto:Ikasketaburu@langile.eus\">Ikasketaburu@langile.eus<\/a><\/p>\n<\/div><\/div><\/div><\/div><div class=\"wpb_column vc_column_container\"><div class=\"vc_column-inner\"><\/div><\/div><div class=\"wpb_column vc_column_container\"><div class=\"vc_column-inner\"><\/div><\/div><\/div><\/div><\/div><\/div><div class=\"w-tabs-section\" id=\"k835\"><button class=\"w-tabs-section-header\" aria-controls=\"content-k835\" aria-expanded=\"false\"><div class=\"w-tabs-section-title\">Administraci\u00f3n<\/div><div class=\"w-tabs-section-control\"><\/div><\/button><div  class=\"w-tabs-section-content\" id=\"content-k835\"><div class=\"w-tabs-section-content-h i-cf\"><div class=\"g-cols wpb_row via_grid cols_4 laptops-cols_inherit tablets-cols_inherit mobiles-cols_1 valign_top type_default stacking_default\" style=\"--columns-gap:3rem;\"><div class=\"wpb_column vc_column_container\"><div class=\"vc_column-inner\"><div class=\"wpb_text_column\"><div class=\"wpb_wrapper\"><p><strong>Administradora-<\/strong> Josune Aranburu<br \/>\n<a href=\"mailto:laubidieta@langile.eus\">laubidieta@langile.eus<\/a><\/p>\n<\/div><\/div><\/div><\/div><div class=\"wpb_column vc_column_container\"><div class=\"vc_column-inner\"><\/div><\/div><div class=\"wpb_column vc_column_container\"><div class=\"vc_column-inner\"><\/div><\/div><div class=\"wpb_column vc_column_container\"><div class=\"vc_column-inner\"><\/div><\/div><\/div><\/div><\/div><\/div><div class=\"w-tabs-section\" id=\"mc63\"><button class=\"w-tabs-section-header\" aria-controls=\"content-mc63\" aria-expanded=\"false\"><div class=\"w-tabs-section-title\">Comedor<\/div><div class=\"w-tabs-section-control\"><\/div><\/button><div  class=\"w-tabs-section-content\" id=\"content-mc63\"><div class=\"w-tabs-section-content-h i-cf\"><div class=\"g-cols wpb_row via_grid cols_4 laptops-cols_inherit tablets-cols_inherit mobiles-cols_1 valign_top type_default stacking_default\" style=\"--columns-gap:3rem;\"><div class=\"wpb_column vc_column_container\"><div class=\"vc_column-inner\"><div class=\"wpb_text_column\"><div class=\"wpb_wrapper\"><p><strong>Comedor<\/strong>&#8211; In\u00e9s Fern\u00e1ndez<br \/>\n<a href=\"mailto:jangela@langile.eus\">jangela@langile.eus<\/a><\/p>\n<\/div><\/div><\/div><\/div><div class=\"wpb_column vc_column_container\"><div class=\"vc_column-inner\"><div class=\"wpb_text_column\"><div class=\"wpb_wrapper\"><p><strong>Comedor<\/strong>&#8211; Aitziber Zurutuza<br \/>\n<a href=\"mailto:jangela@langile.eus\">jangela@langile.eus<\/a><\/p>\n<\/div><\/div><\/div><\/div><div class=\"wpb_column vc_column_container\"><div class=\"vc_column-inner\"><\/div><\/div><div class=\"wpb_column vc_column_container\"><div class=\"vc_column-inner\"><\/div><\/div><\/div><\/div><\/div><\/div><div class=\"w-tabs-section\" id=\"gfdc\"><button class=\"w-tabs-section-header\" aria-controls=\"content-gfdc\" aria-expanded=\"false\"><div class=\"w-tabs-section-title\">ALE<\/div><div class=\"w-tabs-section-control\"><\/div><\/button><div  class=\"w-tabs-section-content\" id=\"content-gfdc\"><div class=\"w-tabs-section-content-h i-cf\"><div class=\"g-cols wpb_row via_grid cols_4 laptops-cols_inherit tablets-cols_inherit mobiles-cols_1 valign_top type_default stacking_default\" style=\"--columns-gap:3rem;\"><div class=\"wpb_column vc_column_container\"><div class=\"vc_column-inner\"><div class=\"wpb_text_column\"><div class=\"wpb_wrapper\"><p><strong>ALE-<\/strong> Eli Perez<br \/>\n<a href=\"mailto:eliperez@langileikasle.eus\">eliperezdavila@langileikasle.eus<\/a><\/p>\n<\/div><\/div><\/div><\/div><div class=\"wpb_column vc_column_container\"><div class=\"vc_column-inner\"><\/div><\/div><div class=\"wpb_column vc_column_container\"><div class=\"vc_column-inner\"><\/div><\/div><div class=\"wpb_column vc_column_container\"><div class=\"vc_column-inner\"><\/div><\/div><\/div><\/div><\/div><\/div><div class=\"w-tabs-section\" id=\"g3fe\"><button class=\"w-tabs-section-header\" aria-controls=\"content-g3fe\" aria-expanded=\"false\"><div class=\"w-tabs-section-title\">BEA<\/div><div class=\"w-tabs-section-control\"><\/div><\/button><div  class=\"w-tabs-section-content\" id=\"content-g3fe\"><div class=\"w-tabs-section-content-h i-cf\"><div class=\"g-cols wpb_row via_grid cols_4 laptops-cols_inherit tablets-cols_inherit mobiles-cols_1 valign_top type_default stacking_default\" style=\"--columns-gap:3rem;\"><div class=\"wpb_column vc_column_container\"><div class=\"vc_column-inner\"><div class=\"wpb_text_column\"><div class=\"wpb_wrapper\"><p><strong>BEA-<\/strong> Mirari Agirresarobe<br \/>\n<a href=\"mailto:mirariagirresarobe@langileikasle.eus\">mirariagirresarobe@langileikasle.eus<\/a><\/p>\n<\/div><\/div><\/div><\/div><div class=\"wpb_column vc_column_container\"><div class=\"vc_column-inner\"><div class=\"wpb_text_column\"><div class=\"wpb_wrapper\"><p><strong>BEA-<\/strong> AITZIBER SALABERRIA<br \/>\n<a href=\"mailto:aitzibersalaberria@langileikasle.eus\">aitzibersalaberria@langileikasle.eus<\/a><\/p>\n<\/div><\/div><\/div><\/div><div class=\"wpb_column vc_column_container\"><div class=\"vc_column-inner\"><\/div><\/div><div class=\"wpb_column vc_column_container\"><div class=\"vc_column-inner\"><\/div><\/div><\/div><\/div><\/div><\/div><\/div><\/div><\/div><\/div><\/div><\/div><\/section><section class=\"l-section wpb_row height_medium\"><div class=\"l-section-h i-cf\"><div class=\"g-cols vc_row via_grid cols_1 laptops-cols_inherit tablets-cols_inherit mobiles-cols_1 valign_top type_default stacking_default\"><div class=\"wpb_column vc_column_container\"><div class=\"vc_column-inner\"><div class=\"w-separator size_medium\"><\/div><\/div><\/div><\/div><\/div><\/section>\n","protected":false},"excerpt":{"rendered":"Qui\u00e9nes somos Las caracter\u00edsticas de nuestro modelo educativo: 1. Basado en el respeto entre compae\u00f1os 2. Entendemos la educaci\u00f3n como un proceso integral. 3. Basado en la coeducaci\u00f3n 4. Se inculca el respeto por el medio ambiente 5. Se impulsa un aprendizaje significativo y funcional. 6. Es inclusivo: abierto a todas las personas. \u00a07. Integrado...","protected":false},"author":1,"featured_media":0,"parent":0,"menu_order":0,"comment_status":"closed","ping_status":"closed","template":"","meta":{"_acf_changed":false,"footnotes":""},"class_list":["post-1003","page","type-page","status-publish","hentry"],"acf":[],"_links":{"self":[{"href":"https:\/\/langile.eus\/es\/wp-json\/wp\/v2\/pages\/1003","targetHints":{"allow":["GET"]}}],"collection":[{"href":"https:\/\/langile.eus\/es\/wp-json\/wp\/v2\/pages"}],"about":[{"href":"https:\/\/langile.eus\/es\/wp-json\/wp\/v2\/types\/page"}],"author":[{"embeddable":true,"href":"https:\/\/langile.eus\/es\/wp-json\/wp\/v2\/users\/1"}],"replies":[{"embeddable":true,"href":"https:\/\/langile.eus\/es\/wp-json\/wp\/v2\/comments?post=1003"}],"version-history":[{"count":13,"href":"https:\/\/langile.eus\/es\/wp-json\/wp\/v2\/pages\/1003\/revisions"}],"predecessor-version":[{"id":5154,"href":"https:\/\/langile.eus\/es\/wp-json\/wp\/v2\/pages\/1003\/revisions\/5154"}],"wp:attachment":[{"href":"https:\/\/langile.eus\/es\/wp-json\/wp\/v2\/media?parent=1003"}],"curies":[{"name":"wp","href":"https:\/\/api.w.org\/{rel}","templated":true}]}}