{"id":1038,"date":"2023-07-06T14:54:42","date_gmt":"2023-07-06T13:54:42","guid":{"rendered":"https:\/\/langile.eus\/?page_id=1038"},"modified":"2023-12-11T11:31:42","modified_gmt":"2023-12-11T10:31:42","slug":"kirolak","status":"publish","type":"page","link":"https:\/\/langile.eus\/es\/kirolak\/","title":{"rendered":"deporte-escolar"},"content":{"rendered":"<section class=\"l-section wpb_row us_custom_8cceadb7 height_auto\"><div class=\"l-section-h i-cf\"><div class=\"g-cols vc_row via_grid cols_1 laptops-cols_inherit tablets-cols_inherit mobiles-cols_1 valign_top type_default stacking_default\"><div class=\"wpb_column vc_column_container\"><div class=\"vc_column-inner\"><div class=\"wpb_text_column us_custom_4f24afa8\"><div class=\"wpb_wrapper\"><h1>DEPORTE ESCOLAR<\/h1>\n<\/div><\/div><div class=\"g-cols wpb_row via_grid cols_2-1 laptops-cols_inherit tablets-cols_inherit mobiles-cols_1 valign_top type_default reversed stacking_default\" style=\"--columns-gap:3rem;\"><div class=\"wpb_column vc_column_container\"><div class=\"vc_column-inner\"><div class=\"wpb_text_column\"><div class=\"wpb_wrapper\"><p>Con la colaboraci\u00f3n de la Diputaci\u00f3n, el ayuntamiento de Hernani y los centros escolares de la localidad, el deporte escolar es una oferta dirigida al alumnado. El objetivo principal es que nuestros\/as ni\u00f1os\/as sean activos y se eduquen en la cultura deportiva.<br \/>\nComprende la edad de la Educaci\u00f3n Primaria, es decir, de 6 a 12 a\u00f1os. Hacer deporte a esa edad es muy importante para el desarrollo. Este entorno es ideal para que nuestros hijos e hijas crezcan sanos, aprendan a relacionarse, tengan educaci\u00f3n, conozcan la cultura deportiva, aprendan euskera y adquieran valores diversos. Por tanto, queremos promover todos estos aspectos, teniendo en cuenta que est\u00e1n ligados a la afinidad de cooperaci\u00f3n, cohesi\u00f3n, compromiso, humildad, solidaridad, universalidad, dignidad y respuesta.<br \/>\nNuestro compromiso principal es ofrecer a todo el alumnado la posibilidad de desarrollar su talento para mejorar sus capacidades y aprender cosas nuevas, independientemente de su nivel deportivo, socio-econ\u00f3mico, diversidad funcional y sexo.<\/p>\n<p>Para conseguir todo esto, el apoyo de las familias es imprescindible para llevar a cabo un programa de este tipo. De hecho, a trav\u00e9s de este programa se sit\u00faa al menor en el eje central del modelo de deporte escolar, por encima de otros intereses, y as\u00ed se apuesta por la multi-deportividad para que los ni\u00f1os y ni\u00f1as no entren en el mundo de la especializaci\u00f3n desde muy peque\u00f1os, y se d\u00e9 m\u00e1s importancia al aprendizaje y no tanto al resultado de la competici\u00f3n.<\/p>\n<\/div><\/div><\/div><\/div><div class=\"wpb_column vc_column_container us_custom_bf77298a has_bg_color\"><div class=\"vc_column-inner\"><div class=\"w-image hide_on_tablets hide_on_mobiles align_none\"><div class=\"w-image-h\"><img decoding=\"async\" width=\"1024\" height=\"768\" src=\"https:\/\/langile.eus\/wp-content\/uploads\/2023\/11\/IMG_20231025_115807-1024x768.jpg\" class=\"attachment-large size-large\" alt=\"\" loading=\"lazy\" srcset=\"https:\/\/langile.eus\/wp-content\/uploads\/2023\/11\/IMG_20231025_115807-1024x768.jpg 1024w, https:\/\/langile.eus\/wp-content\/uploads\/2023\/11\/IMG_20231025_115807-300x225.jpg 300w\" sizes=\"auto, (max-width: 1024px) 100vw, 1024px\" \/><\/div><\/div><h2 class=\"w-text us_custom_cdf14ffd\"><span class=\"w-text-h\"><span class=\"w-text-value\">Consulta aqu\u00ed las pr\u00f3ximas actividades deportivas<\/span><\/span><\/h2><div class=\"mec-wrap mec-skin-list-container  \" id=\"mec_skin_907\">\r\n\r\n    \r\n        <div class=\"mec-skin-list-events-container\" id=\"mec_skin_events_907\">\r\n        \u00a1No hay eventos!    <\/div>\r\n    \r\n    \r\n<\/div>\r\n<\/div><\/div><\/div><\/div><\/div><\/div><\/div><\/section><section class=\"l-section wpb_row us_custom_8cceadb7 height_auto\"><div class=\"l-section-h i-cf\"><div class=\"g-cols vc_row via_grid cols_2 laptops-cols_inherit tablets-cols_inherit mobiles-cols_1 valign_top type_default stacking_default\" style=\"--columns-gap:0rem;\"><div class=\"wpb_column vc_column_container\"><div class=\"vc_column-inner\"><div class=\"w-image us_custom_e6c015cb has_height has_ratio align_none\"><div class=\"w-image-h\"><div style=\"padding-bottom:100%\"><\/div><img decoding=\"async\" width=\"1024\" height=\"768\" src=\"https:\/\/langile.eus\/wp-content\/uploads\/2023\/11\/Laubidieta-gimnasioa-1-1024x768.jpeg\" class=\"attachment-large size-large\" alt=\"\" loading=\"lazy\" \/><\/div><\/div><\/div><\/div><div class=\"wpb_column vc_column_container us_custom_7032f19e us_animate_this has_bg_color\"><div class=\"vc_column-inner\"><div class=\"w-separator size_small\"><\/div><div class=\"wpb_text_column\"><div class=\"wpb_wrapper\"><p>En Hernani apostamos por un programa plural y rico, basado en la coeducaci\u00f3n, y adem\u00e1s creemos en la inclusi\u00f3n.<\/p>\n<p>Hace ya varios a\u00f1os que formamos los equipos de ESTRATEGIA EKI del PROGRAMA EKE (los ni\u00f1os con necesidades especiales tienen la oportunidad de jugar con sus amigos, quien lo necesite con un monitor especial, ya que colaboramos con la federaci\u00f3n de deporte adaptado).<\/p>\n<\/div><\/div><div class=\"w-tabs style_default switch_click accordion has_scrolling\" style=\"--sections-title-size:inherit\"><div class=\"w-tabs-sections titles-align_none icon_chevron cpos_right\"><div class=\"w-tabs-section\" id=\"qfbe\"><button class=\"w-tabs-section-header\" aria-controls=\"content-qfbe\" aria-expanded=\"false\"><div class=\"w-tabs-section-title\">Programa EKE<\/div><div class=\"w-tabs-section-control\"><\/div><\/button><div  class=\"w-tabs-section-content\" id=\"content-qfbe\"><div class=\"w-tabs-section-content-h i-cf\"><div class=\"wpb_text_column\"><div class=\"wpb_wrapper\"><p><strong>Programa EKE:<\/strong> (Explicaci\u00f3n): Por diferentes motivos, en ocasiones no se puede fomentar la pr\u00e1ctica deportiva m\u00ednima inclusiva de algunos alumnos. Las razones son diferentes. En general, las estructuras de oferta deportiva tradicionales no est\u00e1n todav\u00eda preparadas (pocos monitores, desconocimiento, priorizaci\u00f3n de algunos contenidos sobre el alumnado, imposibilidad de atender necesidades adicionales de recursos materiales o econ\u00f3micos&#8230;). Otras veces, porque las propias caracter\u00edsticas del alumno nos exigen otra actividad f\u00edsica o deporte. Los grupos EKE son grupos que se organizan para dar respuesta a estas situaciones y al margen de las ofertas generales.<\/p>\n<\/div><\/div><\/div><\/div><\/div><div class=\"w-tabs-section\" id=\"n06f\"><button class=\"w-tabs-section-header\" aria-controls=\"content-n06f\" aria-expanded=\"false\"><div class=\"w-tabs-section-title\">Estrategia ECAI<\/div><div class=\"w-tabs-section-control\"><\/div><\/button><div  class=\"w-tabs-section-content\" id=\"content-n06f\"><div class=\"w-tabs-section-content-h i-cf\"><div class=\"wpb_text_column\"><div class=\"wpb_wrapper\"><p>Es una estrategia de inclusi\u00f3n que pueden desarrollar los centros escolares y\/o clubes deportivos. Incidir en el contexto deportivo y de actividad f\u00edsica de una escuela con discapacidad y\/o multifuncionalidad en el deporte en edad escolar y promover su inclusi\u00f3n.<br \/>\nEn una intervenci\u00f3n inclusiva, el contexto y todos los participantes se adaptan para que todos tengan la misma oportunidad de participar. Es una filosof\u00eda de vida en la que todos actuaremos juntos en cualquier campo o \u00e1rea.<\/p>\n<\/div><\/div><\/div><\/div><\/div><\/div><\/div><div class=\"w-separator size_small\"><\/div><div class=\"wpb_text_column\"><div class=\"wpb_wrapper\"><p>En ocasiones, la inclusi\u00f3n en el deporte escolar, es decir, el desarrollo de la estrategia ECAI, puede requerir la ayuda de otro monitor y en otras no.<br \/>\n<a href=\"https:\/\/www.gipuzkoa.eus\/eu\/web\/kirolak\/eskola-kirola\/desgaitasuna\">https:\/\/www.gipuzkoa.eus\/eu\/web\/kirolak\/eskola-kirola\/desgaitasuna<\/a><\/p>\n<\/div><\/div><\/div><\/div><\/div><\/div><\/section><section class=\"l-section wpb_row height_medium\"><div class=\"l-section-h i-cf\"><div class=\"g-cols vc_row via_grid cols_1 laptops-cols_inherit tablets-cols_inherit mobiles-cols_1 valign_top type_default stacking_default\"><div class=\"wpb_column vc_column_container\"><div class=\"vc_column-inner\"><div class=\"wpb_text_column\"><div class=\"wpb_wrapper\"><h2>Todos los equipos ser\u00e1n mixtos.<br \/>\nEl deporte escolar se divide en tres categor\u00edas en funci\u00f3n de la edad:<\/h2>\n<\/div><\/div><div class=\"w-separator size_medium\"><\/div><div class=\"w-tabs us_custom_c43df026 layout_hor style_default switch_click has_scrolling\" style=\"--sections-title-size:1em\"><div class=\"w-tabs-list items_3 align_none\"><div class=\"w-tabs-list-h\"><button class=\"w-tabs-item active\" aria-controls=\"content-x088\" aria-expanded=\"false\"><span class=\"w-tabs-item-title\">Jolas hezi LH1 &#8211; LH2<\/span><\/button><button class=\"w-tabs-item\" aria-controls=\"content-s5db\" aria-expanded=\"false\"><span class=\"w-tabs-item-title\">BENJAMINAK (LH3-LH4):<\/span><\/button><button class=\"w-tabs-item\" aria-controls=\"content-qaf0\" aria-expanded=\"false\"><span class=\"w-tabs-item-title\">ALEBINAK (LH5- LH6)<\/span><\/button><\/div><\/div><div class=\"w-tabs-sections titles-align_none icon_chevron cpos_right\"><div class=\"w-tabs-section active\" id=\"x088\"><button class=\"w-tabs-section-header active\" aria-controls=\"content-x088\" aria-expanded=\"true\"><div class=\"w-tabs-section-title\">Jolas hezi LH1 &#8211; LH2<\/div><div class=\"w-tabs-section-control\"><\/div><\/button><div  class=\"w-tabs-section-content\" id=\"content-x088\"><div class=\"w-tabs-section-content-h i-cf\"><div class=\"g-cols wpb_row via_grid cols_2 laptops-cols_inherit tablets-cols_inherit mobiles-cols_1 valign_top type_default stacking_default\" style=\"--columns-gap:3rem;\"><div class=\"wpb_column vc_column_container\"><div class=\"vc_column-inner\"><div class=\"wpb_text_column us_custom_145326e4\"><div class=\"wpb_wrapper\"><h2>JOLAS HEZI LH1-LH2:<\/h2>\n<p>Una de las consecuencias de la reflexi\u00f3n sobre el programa de Deporte Escolar desarrollada en Gipuzkoa en 2017 es el proyecto JOLAS HEZI. Se plantea como referencia b\u00e1sica para las actividades de deporte escolar que desarrollen en las escuelas las ni\u00f1as y los ni\u00f1os de 6 a 8 a\u00f1os, y esperamos que llegue a ser la herramienta id\u00f3nea para los y las ense\u00f1antes del deporte\u00a0 en esas edades.<\/p>\n<p>Es una actividad que desarrollan una vez por semana.<\/p>\n<p>Objetivos:<\/p>\n<ul>\n<li>Impulsar la educaci\u00f3n integral del ni\u00f1o: desarrollo cognitivo, motor, afectivo y social.<\/li>\n<li>Educaci\u00f3n en valores: atenci\u00f3n a la diversidad (interculturalidad, paridad, diversidad funcional).<\/li>\n<li>Ser una herramienta m\u00e1s para la normalizaci\u00f3n del euskera.<\/li>\n<li>Formaci\u00f3n del alumnado para las siguientes etapas del deporte escolar.<\/li>\n<\/ul>\n<p><a href=\"https:\/\/www.gipuzkoa.eus\/es\/web\/kirolak\/deporte-escolar\/programa-anual\/jolas-hezi\">Documentaci\u00f3n<\/a><\/p>\n<\/div><\/div><\/div><\/div><div class=\"wpb_column vc_column_container\"><div class=\"vc_column-inner\"><div class=\"w-image align_none\"><div class=\"w-image-h\"><img decoding=\"async\" width=\"721\" height=\"690\" src=\"https:\/\/langile.eus\/wp-content\/uploads\/2023\/12\/taula-jolashezi.png\" class=\"attachment-large size-large\" alt=\"\" loading=\"lazy\" srcset=\"https:\/\/langile.eus\/wp-content\/uploads\/2023\/12\/taula-jolashezi.png 721w, https:\/\/langile.eus\/wp-content\/uploads\/2023\/12\/taula-jolashezi-300x287.png 300w, https:\/\/langile.eus\/wp-content\/uploads\/2023\/12\/taula-jolashezi-545x522.png 545w, https:\/\/langile.eus\/wp-content\/uploads\/2023\/12\/taula-jolashezi-418x400.png 418w\" sizes=\"auto, (max-width: 721px) 100vw, 721px\" \/><\/div><\/div><\/div><\/div><\/div><\/div><\/div><\/div><div class=\"w-tabs-section\" id=\"s5db\"><button class=\"w-tabs-section-header\" aria-controls=\"content-s5db\" aria-expanded=\"false\"><div class=\"w-tabs-section-title\">BENJAMINAK (LH3-LH4):<\/div><div class=\"w-tabs-section-control\"><\/div><\/button><div  class=\"w-tabs-section-content\" id=\"content-s5db\"><div class=\"w-tabs-section-content-h i-cf\"><div class=\"g-cols wpb_row via_grid cols_3-1 laptops-cols_inherit tablets-cols_inherit mobiles-cols_1 valign_top type_default stacking_default\" style=\"--columns-gap:3rem;\"><div class=\"wpb_column vc_column_container\"><div class=\"vc_column-inner\"><div class=\"wpb_text_column us_custom_145326e4\"><div class=\"wpb_wrapper\"><h2>BENJAMIN (LH3-LH4):<\/h2>\n<p>Es una actividad qu ese desarrolla dos d\u00edas por semana:<\/p>\n<p>* El programa puede sufrir cambios, se os har\u00e1 llegar con antelaci\u00f3n.<\/p>\n<p>Lo trabajar\u00e1n: atletismo, f\u00fatbol, patinaje, triatl\u00f3n, herri kirolak, datchball, softball, defensa personal\/judo, nataci\u00f3n, pelota a mano, pala, yoga, balonmano, hockey, baloncesto, circo, rugby, ritmo, orientaci\u00f3n, excursi\u00f3n ciclista, salida monta\u00f1era&#8230;<\/p>\n<p>&nbsp;<\/p>\n<p><strong>Los deportes en negro se trabajar\u00e1n fuera de los espacios tradicionales, cada uno en el lugar que le corresponda.<\/strong><\/p>\n<p>Algunos de ellos se tratar\u00e1n en los 10 encuentros de los s\u00e1bados:<\/p>\n<ul>\n<li>En busca del tesoro, ritmo, cross, herri kirolak, deporte adaptado, gincana de agua, excursi\u00f3n en bicicleta, triatl\u00f3n, circo y salida monta\u00f1era.<\/li>\n<\/ul>\n<\/div><\/div><\/div><\/div><div class=\"wpb_column vc_column_container\"><div class=\"vc_column-inner\"><div class=\"w-image align_none\"><div class=\"w-image-h\"><img decoding=\"async\" width=\"280\" height=\"465\" src=\"https:\/\/langile.eus\/wp-content\/uploads\/2023\/12\/benjamin.png\" class=\"attachment-large size-large\" alt=\"\" loading=\"lazy\" srcset=\"https:\/\/langile.eus\/wp-content\/uploads\/2023\/12\/benjamin.png 280w, https:\/\/langile.eus\/wp-content\/uploads\/2023\/12\/benjamin-181x300.png 181w, https:\/\/langile.eus\/wp-content\/uploads\/2023\/12\/benjamin-241x400.png 241w\" sizes=\"auto, (max-width: 280px) 100vw, 280px\" \/><\/div><\/div><\/div><\/div><\/div><\/div><\/div><\/div><div class=\"w-tabs-section\" id=\"qaf0\"><button class=\"w-tabs-section-header\" aria-controls=\"content-qaf0\" aria-expanded=\"false\"><div class=\"w-tabs-section-title\">ALEBINAK (LH5- LH6)<\/div><div class=\"w-tabs-section-control\"><\/div><\/button><div  class=\"w-tabs-section-content\" id=\"content-qaf0\"><div class=\"w-tabs-section-content-h i-cf\"><div class=\"g-cols wpb_row via_grid cols_3-1 laptops-cols_inherit tablets-cols_inherit mobiles-cols_1 valign_top type_default stacking_default\" style=\"--columns-gap:3rem;\"><div class=\"wpb_column vc_column_container\"><div class=\"vc_column-inner\"><div class=\"wpb_text_column us_custom_145326e4\"><div class=\"wpb_wrapper\"><h2>ALEVIN (LH5-LH6)<\/h2>\n<p>Es una actividad qu ese desarrolla dos d\u00edas por semana<\/p>\n<p>* El programa puede sufrir cambios, se os har\u00e1 llegar con antelaci\u00f3n.<br \/>\nLo trabajar\u00e1n: atletismo, f\u00fatbol, patinaje, triatl\u00f3n, herri kirolak, datchball, softball, defensa personal\/judo, nataci\u00f3n, pelota a mano, pala, yoga, balonmano, hockey, baloncesto, circo, rugby, ritmo, orientaci\u00f3n, excursi\u00f3n ciclista, salida monta\u00f1era&#8230;<\/p>\n<p><strong>Los deportes en negro se trabajar\u00e1n fuera de los espacios tradicionales, cada uno en el lugar que le corresponda.<\/strong><\/p>\n<p>Algunos de ellos se tratar\u00e1n en los 10 encuentros de los s\u00e1bados:<\/p>\n<ul>\n<li>En busca del tesoro, ritmo, cross, herri kirolak, deporte adaptado, gincana de agua, excursi\u00f3n en bicicleta, triatl\u00f3n, circo y salida monta\u00f1era.<\/li>\n<\/ul>\n<\/div><\/div><\/div><\/div><div class=\"wpb_column vc_column_container\"><div class=\"vc_column-inner\"><div class=\"w-image align_none\"><div class=\"w-image-h\"><img decoding=\"async\" width=\"281\" height=\"461\" src=\"https:\/\/langile.eus\/wp-content\/uploads\/2023\/12\/alebin.png\" class=\"attachment-large size-large\" alt=\"\" loading=\"lazy\" srcset=\"https:\/\/langile.eus\/wp-content\/uploads\/2023\/12\/alebin.png 281w, https:\/\/langile.eus\/wp-content\/uploads\/2023\/12\/alebin-183x300.png 183w, https:\/\/langile.eus\/wp-content\/uploads\/2023\/12\/alebin-244x400.png 244w\" sizes=\"auto, (max-width: 281px) 100vw, 281px\" \/><\/div><\/div><\/div><\/div><\/div><\/div><\/div><\/div><\/div><\/div><div class=\"w-separator size_medium\"><\/div><\/div><\/div><\/div><\/div><\/section><section class=\"l-section wpb_row us_custom_8885dee5 height_medium\"><div class=\"l-section-h i-cf\"><div class=\"g-cols vc_row via_grid cols_1 laptops-cols_inherit tablets-cols_inherit mobiles-cols_1 valign_top type_default stacking_default\"><div class=\"wpb_column vc_column_container\"><div class=\"vc_column-inner\"><div class=\"w-separator size_medium\"><\/div><div class=\"w-hwrapper valign_middle wrap align_justify\" style=\"--hwrapper-gap:0rem\"><div class=\"w-vwrapper us_custom_5448feb7 align_none valign_top\"><div class=\"wpb_text_column us_custom_85933fb7\"><div class=\"wpb_wrapper\"><h2 style=\"text-align: center;\">MONITORES:<\/h2>\n<p style=\"text-align: center;\">Todos \/as son titulados\/as, seleccionados\/as de una bolsa de trabajo cuya lista est\u00e1 ordenada seg\u00fan m\u00e9ritos de cada \/uno\/a .<\/p>\n<\/div><\/div><div class=\"wpb_text_column us_custom_85933fb7\"><div class=\"wpb_wrapper\"><h2 style=\"text-align: center;\">ASISTENCIAS:<\/h2>\n<p style=\"text-align: center;\">La asistencia a todas las sesiones y a todos los encuentros es obligatoria.<\/p>\n<p style=\"text-align: center;\">Los s\u00e1bados se organizan encuentros apropiados para los m\u00e1s peque\u00f1os y agradecer\u00edamos la presencia de los organizadores, ya que hay mucho trabajo detr\u00e1s de ellos.<\/p>\n<\/div><\/div><\/div><div class=\"wpb_text_column us_custom_95eba1ec\"><div class=\"wpb_wrapper\"><h2 style=\"text-align: center;\">CUOTA:<\/h2>\n<p style=\"text-align: center;\">JOLAS HEZI PROGRAMA (LH 1-2): 10\u20ac \/MES (OCTUBRE-MAYO).<\/p>\n<p style=\"text-align: center;\">MULTIKIROLAK PROGRAMA (LH 3-4-5-6: 15\u20ac \/MES (OCTUBRE-MAYO).<\/p>\n<p style=\"text-align: center;\">Quien tenga problemas con el pago de la cuota, p\u00f3ngase en contacto con nosotros. Queremos fomentar la participaci\u00f3n de todos\/as los\/las ni\u00f1os\/as.<\/p>\n<p style=\"text-align: center;\">El comportamiento de las familias tambi\u00e9n es muy importante: ANIMAD a vuestros\/as hijos\/as a practicar deporte y VALORAD el intento (esfuerzo) y la mejora (lo que ha avanzado) m\u00e1s que el resultado final.<\/p>\n<p style=\"text-align: center;\">Recuerda que quien realice la inscripci\u00f3n se compromete a todo el a\u00f1o (se cobrar\u00e1 la cuota de todo el a\u00f1o), acept\u00e1ndose la baja \u00fanicamente por motivos de salud.<\/p>\n<p style=\"text-align: center;\"><strong><a href=\"https:\/\/docs.google.com\/forms\/d\/1WtBApRc8GTRzTTNd2EHih14JzIUALylIKtZSNdEn6ww\/edit\">Inscripci\u00f3n<\/a><\/strong><\/p>\n<\/div><\/div><\/div><div class=\"w-separator size_medium\"><\/div><\/div><\/div><\/div><\/div><\/section><section class=\"l-section wpb_row us_custom_9ccc05f2 height_medium\"><div class=\"l-section-h i-cf\"><div class=\"g-cols vc_row via_grid cols_1 laptops-cols_inherit tablets-cols_inherit mobiles-cols_1 valign_top type_default stacking_default\"><div class=\"wpb_column vc_column_container\"><div class=\"vc_column-inner\"><div class=\"w-separator size_medium\"><\/div><div class=\"wpb_text_column us_custom_a405c4d8\"><div class=\"wpb_wrapper\"><h2>Si ten\u00e9is algun duda al respecto, escribir un correo a\u00a0<a href=\"mailto:kirola@langile.eus\"> kirola@langile.eus<\/a><\/h2>\n<\/div><\/div><div class=\"w-separator size_medium\"><\/div><\/div><\/div><\/div><\/div><\/section>\n","protected":false},"excerpt":{"rendered":"DEPORTE ESCOLAR Con la colaboraci\u00f3n de la Diputaci\u00f3n, el ayuntamiento de Hernani y los centros escolares de la localidad, el deporte escolar es una oferta dirigida al alumnado. El objetivo principal es que nuestros\/as ni\u00f1os\/as sean activos y se eduquen en la cultura deportiva. Comprende la edad de la Educaci\u00f3n Primaria, es decir, de 6...","protected":false},"author":1,"featured_media":0,"parent":0,"menu_order":0,"comment_status":"closed","ping_status":"closed","template":"","meta":{"_acf_changed":false,"footnotes":""},"class_list":["post-1038","page","type-page","status-publish","hentry"],"acf":[],"_links":{"self":[{"href":"https:\/\/langile.eus\/es\/wp-json\/wp\/v2\/pages\/1038","targetHints":{"allow":["GET"]}}],"collection":[{"href":"https:\/\/langile.eus\/es\/wp-json\/wp\/v2\/pages"}],"about":[{"href":"https:\/\/langile.eus\/es\/wp-json\/wp\/v2\/types\/page"}],"author":[{"embeddable":true,"href":"https:\/\/langile.eus\/es\/wp-json\/wp\/v2\/users\/1"}],"replies":[{"embeddable":true,"href":"https:\/\/langile.eus\/es\/wp-json\/wp\/v2\/comments?post=1038"}],"version-history":[{"count":25,"href":"https:\/\/langile.eus\/es\/wp-json\/wp\/v2\/pages\/1038\/revisions"}],"predecessor-version":[{"id":4091,"href":"https:\/\/langile.eus\/es\/wp-json\/wp\/v2\/pages\/1038\/revisions\/4091"}],"wp:attachment":[{"href":"https:\/\/langile.eus\/es\/wp-json\/wp\/v2\/media?parent=1038"}],"curies":[{"name":"wp","href":"https:\/\/api.w.org\/{rel}","templated":true}]}}