{"id":1043,"date":"2023-08-21T11:43:56","date_gmt":"2023-08-21T10:43:56","guid":{"rendered":"https:\/\/langile.eus\/jangela\/"},"modified":"2026-04-12T17:47:56","modified_gmt":"2026-04-12T16:47:56","slug":"jangela","status":"publish","type":"page","link":"https:\/\/langile.eus\/es\/jangela\/","title":{"rendered":"Comedor"},"content":{"rendered":"<section class=\"l-section wpb_row us_custom_7628a107 height_auto\"><div class=\"l-section-h i-cf\"><div class=\"g-cols vc_row via_grid cols_1 laptops-cols_inherit tablets-cols_inherit mobiles-cols_1 valign_top type_default stacking_default\"><div class=\"wpb_column vc_column_container\"><div class=\"vc_column-inner\"><h1 class=\"w-text\"><span class=\"w-text-h\"><span class=\"w-text-value\">Comedor<\/span><\/span><\/h1><div class=\"wpb_text_column\"><div class=\"wpb_wrapper\"><p><span style=\"font-weight: 400;\">La ikastola Langile ofrece servicio de comedor en sus tres edificios.\u00a0 <\/span><\/p>\n<p><span style=\"font-weight: 400;\">\u00a0L<\/span>a empresa Ausolagun es proveedora del servicio.<\/p>\n<p><span style=\"font-weight: 400;\">El servicio de comedor se ofrece de <strong>septiembre a junio<\/strong><\/span><\/p>\n<\/div><\/div><div class=\"g-cols wpb_row us_custom_6d149020 via_grid cols_2-1 laptops-cols_inherit tablets-cols_inherit mobiles-cols_1 valign_top type_default stacking_default\" style=\"--columns-gap:3rem;\"><div class=\"wpb_column vc_column_container\"><div class=\"vc_column-inner\"><h2 class=\"w-text us_custom_ab827369\"><span class=\"w-text-h\"><span class=\"w-text-value\">Men\u00fa<\/span><\/span><\/h2><div class=\"wpb_text_column\"><div class=\"wpb_wrapper\"><div class=\"jangela\">\n        <div class=\"eskola\">\n        <h3>BIDEBIETA \/ LAUBIDIETA<\/h3>\n\n        \n        <p>Hoy no hay men\u00fa.<\/p>\n\n            <\/div>\n\n        <div class=\"eskola\">\n        <h3>MEABE<\/h3>\n\n        \n        <p>Hoy no hay men\u00fa.<\/p>\n\n            <\/div>\n\n    <\/div>\n\n<\/div><\/div><\/div><\/div><div class=\"wpb_column vc_column_container\"><div class=\"vc_column-inner\"><h2 class=\"w-text us_custom_8ec12f65\"><span class=\"w-text-h\"><span class=\"w-text-value\">Men\u00fa MENSUAL<\/span><\/span><\/h2><div class=\"wpb_text_column us_custom_de37ea58\"><div class=\"wpb_wrapper\"><dl id=\"attachment_5962\" class=\"wp-caption aligncenter\" style=\"width: 59px;\">\n<dd class=\"wp-caption-dd\">\n<div class=\"mceTemp\">\n<figure id=\"attachment_5962\" aria-describedby=\"caption-attachment-5962\" style=\"width: 59px\" class=\"wp-caption aligncenter\"><a href=\"https:\/\/langile.eus\/wp-content\/uploads\/2026\/04\/APIRILA-MEABE-OINARRIZKOA.pdf\"><img loading=\"lazy\" decoding=\"async\" class=\"wp-image-5962\" src=\"https:\/\/langile.eus\/wp-content\/uploads\/2024\/09\/LOGO-PDF-2024-2-300x300.png\" alt=\"\" width=\"59\" height=\"59\" srcset=\"https:\/\/langile.eus\/wp-content\/uploads\/2024\/09\/LOGO-PDF-2024-2-300x300.png 300w, https:\/\/langile.eus\/wp-content\/uploads\/2024\/09\/LOGO-PDF-2024-2-150x150.png 150w, https:\/\/langile.eus\/wp-content\/uploads\/2024\/09\/LOGO-PDF-2024-2-500x500.png 500w, https:\/\/langile.eus\/wp-content\/uploads\/2024\/09\/LOGO-PDF-2024-2-400x400.png 400w, https:\/\/langile.eus\/wp-content\/uploads\/2024\/09\/LOGO-PDF-2024-2.png 512w\" sizes=\"auto, (max-width: 59px) 100vw, 59px\" \/><\/a><figcaption id=\"caption-attachment-5962\" class=\"wp-caption-text\">APIRILA MEABE oinarrizkoa<\/figcaption><\/figure><br \/>\n<figure id=\"attachment_5962\" aria-describedby=\"caption-attachment-5962\" style=\"width: 59px\" class=\"wp-caption aligncenter\"><a href=\"https:\/\/langile.eus\/wp-content\/uploads\/2026\/04\/APIRILA-MEABE-BASAL.pdf\"><img loading=\"lazy\" decoding=\"async\" class=\"wp-image-5962\" src=\"https:\/\/langile.eus\/wp-content\/uploads\/2024\/09\/LOGO-PDF-2024-2-300x300.png\" alt=\"\" width=\"59\" height=\"59\" srcset=\"https:\/\/langile.eus\/wp-content\/uploads\/2024\/09\/LOGO-PDF-2024-2-300x300.png 300w, https:\/\/langile.eus\/wp-content\/uploads\/2024\/09\/LOGO-PDF-2024-2-150x150.png 150w, https:\/\/langile.eus\/wp-content\/uploads\/2024\/09\/LOGO-PDF-2024-2-500x500.png 500w, https:\/\/langile.eus\/wp-content\/uploads\/2024\/09\/LOGO-PDF-2024-2-400x400.png 400w, https:\/\/langile.eus\/wp-content\/uploads\/2024\/09\/LOGO-PDF-2024-2.png 512w\" sizes=\"auto, (max-width: 59px) 100vw, 59px\" \/><\/a><figcaption id=\"caption-attachment-5962\" class=\"wp-caption-text\">ABRIL MEABE basal<\/figcaption><\/figure><br \/>\n<figure id=\"attachment_5962\" aria-describedby=\"caption-attachment-5962\" style=\"width: 59px\" class=\"wp-caption aligncenter\"><a href=\"https:\/\/langile.eus\/wp-content\/uploads\/2026\/04\/APIRILA-BIDEBIETA-LAUBIDIETA-205_OINARRIZKOA-7.pdf\"><img loading=\"lazy\" decoding=\"async\" class=\"wp-image-5962\" src=\"https:\/\/langile.eus\/wp-content\/uploads\/2024\/09\/LOGO-PDF-2024-2-300x300.png\" alt=\"\" width=\"59\" height=\"59\" srcset=\"https:\/\/langile.eus\/wp-content\/uploads\/2024\/09\/LOGO-PDF-2024-2-300x300.png 300w, https:\/\/langile.eus\/wp-content\/uploads\/2024\/09\/LOGO-PDF-2024-2-150x150.png 150w, https:\/\/langile.eus\/wp-content\/uploads\/2024\/09\/LOGO-PDF-2024-2-500x500.png 500w, https:\/\/langile.eus\/wp-content\/uploads\/2024\/09\/LOGO-PDF-2024-2-400x400.png 400w, https:\/\/langile.eus\/wp-content\/uploads\/2024\/09\/LOGO-PDF-2024-2.png 512w\" sizes=\"auto, (max-width: 59px) 100vw, 59px\" \/><\/a><figcaption id=\"caption-attachment-5962\" class=\"wp-caption-text\">APIRILA BIDEBIETA \/ LAUBIDIETA oinarrizkoa<\/figcaption><\/figure><br \/>\n<figure id=\"attachment_5962\" aria-describedby=\"caption-attachment-5962\" style=\"width: 59px\" class=\"wp-caption aligncenter\"><a href=\"https:\/\/langile.eus\/wp-content\/uploads\/2026\/04\/APIRILA-BIDEBIETA-LAUBIDIETA-205_BASAL-3.pdf\"><img loading=\"lazy\" decoding=\"async\" class=\"wp-image-5962\" src=\"https:\/\/langile.eus\/wp-content\/uploads\/2024\/09\/LOGO-PDF-2024-2-300x300.png\" alt=\"\" width=\"59\" height=\"59\" srcset=\"https:\/\/langile.eus\/wp-content\/uploads\/2024\/09\/LOGO-PDF-2024-2-300x300.png 300w, https:\/\/langile.eus\/wp-content\/uploads\/2024\/09\/LOGO-PDF-2024-2-150x150.png 150w, https:\/\/langile.eus\/wp-content\/uploads\/2024\/09\/LOGO-PDF-2024-2-500x500.png 500w, https:\/\/langile.eus\/wp-content\/uploads\/2024\/09\/LOGO-PDF-2024-2-400x400.png 400w, https:\/\/langile.eus\/wp-content\/uploads\/2024\/09\/LOGO-PDF-2024-2.png 512w\" sizes=\"auto, (max-width: 59px) 100vw, 59px\" \/><\/a><figcaption id=\"caption-attachment-5962\" class=\"wp-caption-text\">ABRIL BIDEBIETA \/ LAUBIDIETA basal<\/figcaption><\/figure><\/p>\n<p>basal<\/dd>\n<\/dl>\n<\/div>\n<\/div><\/div><div class=\"wpb_text_column\"><div class=\"wpb_wrapper\"><\/div><\/div><div class=\"wpb_text_column\"><div class=\"wpb_wrapper\"><\/div><\/div><\/div><\/div><\/div><\/div><\/div><\/div><\/div><\/section><section class=\"l-section wpb_row us_custom_fff1dd58 height_medium\"><div class=\"l-section-h i-cf\"><div class=\"g-cols vc_row via_grid cols_1 laptops-cols_inherit tablets-cols_inherit mobiles-cols_1 valign_top type_default stacking_default\"><div class=\"wpb_column vc_column_container\"><div class=\"vc_column-inner\"><div class=\"w-hwrapper us_custom_40f1a676 valign_top wrap align_justify\" style=\"--hwrapper-gap:0rem\"><div class=\"wpb_text_column us_custom_b1d54e78\"><div class=\"wpb_wrapper\"><div class=\"mceTemp\"><\/div>\n<div class=\"mceTemp\"><\/div>\n<h2>Meabe<\/h2>\n<p><span style=\"font-weight: 400;\">Comen alumnos\/as de Educaci\u00f3n Infantil de 2, 3 y 4 a\u00f1os.\u00a0<\/span><\/p>\n<p><span style=\"font-weight: 400;\">La comida se cocina all\u00ed (in situ). Ausolagun trae las materias primas y son los cocineros locales los que preparan la comida.<\/span><\/p>\n<p><span style=\"font-weight: 400;\">El comedor est\u00e1 situado en la \u00faltima planta. Los\/las alumnos\/as comen en dos zonas diferentes: los\/las de 2 y 4 a\u00f1os en el comedor y los\/las de 3 a\u00f1os en un aula contigua al comedor<\/span><\/p>\n<\/div><\/div><div class=\"wpb_text_column us_custom_b32d3a11\"><div class=\"wpb_wrapper\"><h2>Bidebieta<\/h2>\n<p><span style=\"font-weight: 400;\">Comen los\/las alumnos\/as\u00a0 de educaci\u00f3n Infantil de 5 a\u00f1os en un solo turno.<\/span><\/p>\n<p><span style=\"font-weight: 400;\"> Ausolagun trae la comida preparada (transportada).<\/span><\/p>\n<\/div><\/div><div class=\"wpb_text_column us_custom_f38dc8d9\"><div class=\"wpb_wrapper\"><h2>Laubidieta<\/h2>\n<p><span style=\"font-weight: 400;\">Comen los alumnos de Primaria de 6 a 12 a\u00f1os. Comen en dos turnos:<\/span><\/p>\n<ul>\n<li><span style=\"font-weight: 400;\">TURNO 1\u00ba: 1\u00ba, 2\u00ba y 3\u00ba de Primaria. De 12:15 a 13:00 horas<\/span><\/li>\n<li><span style=\"font-weight: 400;\">2\u00ba TURNO: 4\u00ba, 5\u00ba y 6\u00ba de primaria.\u00a0 De 13:30 a 14:30 horas<\/span><span style=\"font-weight: 400;\"><br \/>\n<\/span><span style=\"font-weight: 400;\">Ausolagun trae la comida hecha (transportada) <\/span><\/li>\n<\/ul>\n<\/div><\/div><\/div><\/div><\/div><\/div><\/div><\/section>\n","protected":false},"excerpt":{"rendered":"ComedorLa ikastola Langile ofrece servicio de comedor en sus tres edificios.\u00a0 \u00a0La empresa Ausolagun es proveedora del servicio. El servicio de comedor se ofrece de septiembre a junio Men\u00fa BIDEBIETA \/ LAUBIDIETA Hoy no hay men\u00fa. MEABE Hoy no hay men\u00fa. Men\u00fa MENSUAL APIRILA MEABE oinarrizkoa ABRIL MEABE basal APIRILA BIDEBIETA \/ LAUBIDIETA oinarrizkoa ABRIL...","protected":false},"author":1,"featured_media":0,"parent":0,"menu_order":0,"comment_status":"closed","ping_status":"closed","template":"","meta":{"_acf_changed":false,"footnotes":""},"class_list":["post-1043","page","type-page","status-publish","hentry"],"acf":[],"_links":{"self":[{"href":"https:\/\/langile.eus\/es\/wp-json\/wp\/v2\/pages\/1043","targetHints":{"allow":["GET"]}}],"collection":[{"href":"https:\/\/langile.eus\/es\/wp-json\/wp\/v2\/pages"}],"about":[{"href":"https:\/\/langile.eus\/es\/wp-json\/wp\/v2\/types\/page"}],"author":[{"embeddable":true,"href":"https:\/\/langile.eus\/es\/wp-json\/wp\/v2\/users\/1"}],"replies":[{"embeddable":true,"href":"https:\/\/langile.eus\/es\/wp-json\/wp\/v2\/comments?post=1043"}],"version-history":[{"count":34,"href":"https:\/\/langile.eus\/es\/wp-json\/wp\/v2\/pages\/1043\/revisions"}],"predecessor-version":[{"id":8007,"href":"https:\/\/langile.eus\/es\/wp-json\/wp\/v2\/pages\/1043\/revisions\/8007"}],"wp:attachment":[{"href":"https:\/\/langile.eus\/es\/wp-json\/wp\/v2\/media?parent=1043"}],"curies":[{"name":"wp","href":"https:\/\/api.w.org\/{rel}","templated":true}]}}